{"id":4089,"date":"2023-06-12T15:20:18","date_gmt":"2023-06-12T13:20:18","guid":{"rendered":"https:\/\/ottevenyikastely.hu\/?page_id=4089"},"modified":"2023-08-09T15:43:47","modified_gmt":"2023-08-09T13:43:47","slug":"burggeschichte","status":"publish","type":"page","link":"https:\/\/ottevenyikastely.hu\/de\/burggeschichte\/","title":{"rendered":"Geschichte des Schlosses"},"content":{"rendered":"<div  class=\"ppb_image_half_boxed_fixed_width one\" >\n<div class=\"standard_wrapper\">\n<div class=\"page_content_wrapper\">\n<div class=\"inner\">\n<div class=\"one_half content_middle fixed\" style=\"padding:0px; text-align:left;min-height:420px;\">\n<div class=\"content_middle_wrapper\">\n<div class=\"content_middle_content\">\n<div class=\"ppb_header_content\">\n<p style=\"color: #374151; text-align: justify;\">Das Schloss F\u00f6ldv\u00e1ry befindet sich in der Gemeinde \u00d6ttev\u00e9ny, 15 km von Gy\u0151r entfernt, in Westtransdanubien.<\/p>\n<p style=\"color: #374151; text-align: justify;\">Das Dorf, das im Laufe der Zeit viele geschichtliche Ver\u00e4nderungen erfahren hat, hat seine historische Bedeutung und sein reiches Erbe bis heute bewahrt. Es wird erstmals im 13. Jahrhundert in schriftlichen Quellen erw\u00e4hnt, wo es unter dem Namen \u00d6ttev\u00e9ny auftaucht, aber seine Geschichte reicht viel weiter zur\u00fcck, denn arch\u00e4ologische Funde belegen, dass das Gebiet bereits in der Bronzezeit besiedelt war. Im Mittelalter war das Dorf Teil des Besitzes der Burg Kom\u00e1rom, dann wurde es in der T\u00fcrkenzeit entv\u00f6lkert.<\/p>\n<\/div>\n<\/div>\n<\/div>\n<\/div>\n<p><br class=\"clear\"\/><\/div>\n<\/div>\n<\/div>\n<\/div>\n<div  class=\"ppb_image_half_boxed_fixed_width one\" >\n<div class=\"standard_wrapper\">\n<div class=\"page_content_wrapper\">\n<div class=\"inner\">\n<div class=\"one_half content_middle fixed\" style=\"padding:0px; text-align:left;min-height:420px;\">\n<div class=\"content_middle_wrapper\">\n<div class=\"content_middle_content\">\n<div class=\"ppb_header_content\">\n<p style=\"color: #374151; text-align: justify;\">Das Schloss wurde 1870 von Baron Mikl\u00f3s F\u00f6ldv\u00e1ry de Bern\u00e1tfalva (1840-1914), einem der gr\u00f6\u00dften Gutsbesitzer der damaligen Zeit, f\u00fcr seine Frau an der Hauptstrecke Wien-Bratislava-Budapest erbaut und ist seither zum Wahrzeichen des Ortes geworden. Das Geb\u00e4ude war urspr\u00fcnglich ein \"Herrenhaus\", wurde aber in sp\u00e4teren Jahren zu einem Schloss ausgebaut. Es wurde dann von Mikl\u00f3s F\u00f6ldv\u00e1rys Tochter Val\u00e9ria (1872-1964) geerbt, die 1895 den Grafen K\u00e1roly Cs\u00e1ky (1873-1945) heiratete, der damals Verteidigungsminister war.<\/p>\n<p style=\"color: #374151; text-align: justify;\">Aufgrund seiner Lage war das Schloss ein regelm\u00e4\u00dfiger Treffpunkt f\u00fcr die politische Elite der damaligen Zeit. Die Legende besagt, dass hier die wirklichen Entscheidungen in vielen Angelegenheiten von nationaler Bedeutung getroffen wurden.<\/p>\n<\/div>\n<\/div>\n<\/div>\n<\/div>\n<p><br class=\"clear\"\/><\/div>\n<\/div>\n<\/div>\n<\/div>\n<div  class=\"ppb_image_half_boxed_fixed_width one\" >\n<div class=\"standard_wrapper\">\n<div class=\"page_content_wrapper\">\n<div class=\"inner\">\n<div class=\"one_half content_middle fixed\" style=\"padding:0px; text-align:left;min-height:420px;\">\n<div class=\"content_middle_wrapper\">\n<div class=\"content_middle_content\">\n<div class=\"ppb_header_content\">\n<p style=\"color: #374151; text-align: justify;\">Aus ihrer Ehe ging Graf Andor Cs\u00e1ky hervor. Er war ein kunstbegeisterter Magnat und \u00fcber seine Mutter Eigent\u00fcmer von Grundst\u00fccken in \u00d6ttev\u00e9ny. In seinen fr\u00fchen Jahren f\u00fchlte er sich zun\u00e4chst zur Poesie hingezogen und schrieb Gedichte, sp\u00e4ter verfasste er Wirtschaftsartikel, und schlie\u00dflich interessierte er sich am meisten f\u00fcr die Fotografie. Dann unternahm er mehrere Studienreisen nach Deutschland und Frankreich, wo er die dortige Filmproduktion kennenlernte, und nahm brieflichen Kontakt zu einer amerikanischen Filmgesellschaft auf, mit der er sich \u00fcber seinen geplanten Film beriet.<\/p>\n<p style=\"color: #374151; text-align: justify;\">Er war dreimal verheiratet, seine erste Frau war Erzs\u00e9bet Ilona Cs\u00e1ky von K\u0151r\u00f6sszegh und Adorj\u00e1n (18. Oktober 1900 - Budapest, 24. Januar 1974), die er am 28. M\u00e4rz 1919 heiratete und mit der er T\u00f6chter hatte: Andrea (geboren am 25. April 1920), Szonja (geboren in Gy\u0151r, 15. Dezember 1929), Andrea Augusta Vikt\u00f3ria. Nach ihrer Scheidung am 5. April 1930 heiratete er noch zweimal: Maria Benz (geb. 21. M\u00e4rz 1907) und sp\u00e4ter Marion K\u00e9gl (geb. Januar 1906).<\/p>\n<p style=\"color: #374151; text-align: justify;\">1931 drehte er auf seinem Anwesen in \u00d6ttev\u00e9ny einen zweiteiligen (etwa 600 Meter langen) stummen Kurzfilm mit Schauspielsch\u00fclern, Laiendarstellern und seinen Mitarbeitern.<\/p>\n<\/div>\n<\/div>\n<\/div>\n<\/div>\n<p><br class=\"clear\"\/><\/div>\n<\/div>\n<\/div>\n<\/div>\n<div  class=\"one withsmallpadding ppb_header\" style=\"text-align:left;padding:30px 0 30px 0;\" >\n<div class=\"overlay_background\" style=\"background:#000000;background:rgb(0,0,0,1);background:rgba(0,0,0,1);\"><\/div>\n<div class=\"standard_wrapper\">\n<div class=\"page_content_wrapper\">\n<div class=\"inner\">\n<div style=\"margin:auto;width:100%\">\n<h2 class=\"ppb_title\" style=\"\">Heutzutage...<\/h2>\n<\/div>\n<\/div>\n<\/div>\n<\/div>\n<\/div>\n<div  class=\"ppb_image_half_boxed_fixed_width one\" >\n<div class=\"standard_wrapper\">\n<div class=\"page_content_wrapper\">\n<div class=\"inner\">\n<div class=\"one_half content_middle fixed\" style=\"padding:0px; text-align:left;min-height:420px;\">\n<div class=\"content_middle_wrapper\">\n<div class=\"content_middle_content\">\n<div class=\"ppb_header_content\">\n<p style=\"color: #374151; text-align: justify;\">Mitte des 20. Jahrhunderts ging das Geb\u00e4ude in den Besitz der Waggonfabrik \u00fcber und diente u. a. als Notunterkunft, Apotheke und Schwesternwohnheim. Die \u00c9D\u00c1SZ Rt. kaufte das inzwischen bauf\u00e4llige Geb\u00e4ude 1988, restaurierte es vier Jahre lang in seinen urspr\u00fcnglichen Zustand und verwandelte es schlie\u00dflich in ein modernes 3-Sterne-Hotel.<\/p>\n<p style=\"color: #374151; text-align: justify;\">Einige Jahre sp\u00e4ter wurde das Schloss von der weltber\u00fchmten slowakischen Tennisspielerin Daniela Hantuchova gekauft, die das Geb\u00e4ude bis zu seiner Schlie\u00dfung sorgf\u00e4ltig erhalten und ausgebaut hat. Bei der Renovierung wurden der urspr\u00fcngliche Charakter und Stil des Schlosses bewahrt, so dass es noch immer die Atmosph\u00e4re des letzten Jahrhunderts widerspiegelt. Im Jahr 2020 beendete Covid sein florierendes Gesch\u00e4ft.<\/p>\n<\/div>\n<\/div>\n<\/div>\n<\/div>\n<p><br class=\"clear\"\/><\/div>\n<\/div>\n<\/div>\n<\/div>\n<div  class=\"ppb_image_half_boxed_fixed_width one\" >\n<div class=\"standard_wrapper\">\n<div class=\"page_content_wrapper\">\n<div class=\"inner\">\n<div class=\"one_half content_middle fixed\" style=\"padding:0px; text-align:left;min-height:420px;\">\n<div class=\"content_middle_wrapper\">\n<div class=\"content_middle_content\">\n<div class=\"ppb_header_content\">\n<p style=\"color: #374151; text-align: justify;\">Nach seiner Schlie\u00dfung versank das alte Geb\u00e4ude zwei Jahre lang in stiller Einsamkeit, was sich deutlich auf seinen technischen Zustand auswirkte, und der Park verwilderte. Im Mai 2023 ging es in den Besitz der Familie Matusz aus Gy\u0151r \u00fcber und die Entwicklung wurde wieder aufgenommen. Das Schloss wird derzeit einer vollst\u00e4ndigen energetischen und architektonischen Renovierung unterzogen und soll am 30. April 2024 wieder f\u00fcr die \u00d6ffentlichkeit zug\u00e4nglich gemacht werden.<\/p>\n<p style=\"color: #374151; text-align: justify;\">Die Geschichte des Dorfes \u00d6ttev\u00e9ny und des Schlosses F\u00f6ldv\u00e1ry ist \u00fcber die Jahrhunderte hinweg eng miteinander verwoben, so dass es f\u00fcr die Dorfbewohner, die stolz auf ihre Vergangenheit sind und den historischen Geist des Dorfes bewahren, eines der wichtigsten Elemente des lokalen historischen Erbes darstellt.<\/p>\n<\/div>\n<\/div>\n<\/div>\n<\/div>\n<p><br class=\"clear\"\/><\/div>\n<\/div>\n<\/div>\n<\/div>","protected":false},"excerpt":{"rendered":"<p>Die Burg F\u00f6ldv\u00e1ry befindet sich in der Gemeinde \u00d6ttev\u00e9ny, 15 km von Gy\u0151r entfernt, in Westtransdanubien. Das Dorf, das im Laufe der Jahre viele historische Ver\u00e4nderungen erfahren hat, hat seine historische Bedeutung und sein reiches Erbe bis heute bewahrt. Es wird in schriftlichen Quellen erstmals im 13. Jahrhundert erw\u00e4hnt, wo es als \u00d6ttev\u00e9ny [...]<\/p>","protected":false},"author":3,"featured_media":3740,"parent":0,"menu_order":0,"comment_status":"closed","ping_status":"closed","template":"","meta":{"footnotes":""},"class_list":["post-4089","page","type-page","status-publish","has-post-thumbnail","hentry","entry","has-media"],"_links":{"self":[{"href":"https:\/\/ottevenyikastely.hu\/de\/wp-json\/wp\/v2\/pages\/4089","targetHints":{"allow":["GET"]}}],"collection":[{"href":"https:\/\/ottevenyikastely.hu\/de\/wp-json\/wp\/v2\/pages"}],"about":[{"href":"https:\/\/ottevenyikastely.hu\/de\/wp-json\/wp\/v2\/types\/page"}],"author":[{"embeddable":true,"href":"https:\/\/ottevenyikastely.hu\/de\/wp-json\/wp\/v2\/users\/3"}],"replies":[{"embeddable":true,"href":"https:\/\/ottevenyikastely.hu\/de\/wp-json\/wp\/v2\/comments?post=4089"}],"version-history":[{"count":0,"href":"https:\/\/ottevenyikastely.hu\/de\/wp-json\/wp\/v2\/pages\/4089\/revisions"}],"wp:featuredmedia":[{"embeddable":true,"href":"https:\/\/ottevenyikastely.hu\/de\/wp-json\/wp\/v2\/media\/3740"}],"wp:attachment":[{"href":"https:\/\/ottevenyikastely.hu\/de\/wp-json\/wp\/v2\/media?parent=4089"}],"curies":[{"name":"wp","href":"https:\/\/api.w.org\/{rel}","templated":true}]}}