{"id":7055,"date":"2024-03-11T14:54:53","date_gmt":"2024-03-11T13:54:53","guid":{"rendered":"https:\/\/ottevenyikastely.hu\/?page_id=7055"},"modified":"2024-11-03T13:37:47","modified_gmt":"2024-11-03T12:37:47","slug":"chestnut-tart","status":"publish","type":"page","link":"https:\/\/ottevenyikastely.hu\/en\/chestnut-tart\/","title":{"rendered":"History of the castle"},"content":{"rendered":"<div data-elementor-type=\"wp-page\" data-elementor-id=\"7055\" class=\"elementor elementor-7055\" data-elementor-post-type=\"page\">\n\t\t\t\t<div class=\"elementor-element elementor-element-282113b e-con-full e-flex e-con e-parent\" data-id=\"282113b\" data-element_type=\"container\" data-e-type=\"container\" data-settings=\"{&quot;background_background&quot;:&quot;classic&quot;}\">\n\t\t<div class=\"elementor-element elementor-element-b945458 e-con-full e-flex e-con e-child\" data-id=\"b945458\" data-element_type=\"container\" data-e-type=\"container\">\n\t\t\t\t<div class=\"elementor-element elementor-element-27ee789 elementor-widget elementor-widget-heading\" data-id=\"27ee789\" data-element_type=\"widget\" data-e-type=\"widget\" data-widget_type=\"heading.default\">\n\t\t\t\t<div class=\"elementor-widget-container\">\n\t\t\t\t\t<h1 class=\"elementor-heading-title elementor-size-default\">HISTORY OF THE CASTLE<\/h1>\t\t\t\t<\/div>\n\t\t\t\t<\/div>\n\t\t\t\t<\/div>\n\t\t\t\t<\/div>\n\t\t<div class=\"elementor-element elementor-element-e398500 e-con-full e-flex e-con e-parent\" data-id=\"e398500\" data-element_type=\"container\" data-e-type=\"container\" data-settings=\"{&quot;background_background&quot;:&quot;classic&quot;}\">\n\t\t<div class=\"elementor-element elementor-element-e4abff8 e-con-full e-flex e-con e-child\" data-id=\"e4abff8\" data-element_type=\"container\" data-e-type=\"container\" data-settings=\"{&quot;background_background&quot;:&quot;classic&quot;}\">\n\t\t\t\t<div class=\"elementor-element elementor-element-a5cd315 elementor-hidden-desktop elementor-widget elementor-widget-image\" data-id=\"a5cd315\" data-element_type=\"widget\" data-e-type=\"widget\" data-widget_type=\"image.default\">\n\t\t\t\t<div class=\"elementor-widget-container\">\n\t\t\t\t\t\t\t\t\t\t\t\t\t\t\t<img fetchpriority=\"high\" decoding=\"async\" width=\"998\" height=\"570\" src=\"https:\/\/ottevenyikastely.hu\/wp-content\/uploads\/2023\/06\/Kepernyofoto-2023-06-11-14.39.02.jpeg\" class=\"attachment-full size-full wp-image-3746\" alt=\"\" srcset=\"https:\/\/ottevenyikastely.hu\/wp-content\/uploads\/2023\/06\/Kepernyofoto-2023-06-11-14.39.02.jpeg 998w, https:\/\/ottevenyikastely.hu\/wp-content\/uploads\/2023\/06\/Kepernyofoto-2023-06-11-14.39.02-300x171.jpeg 300w, https:\/\/ottevenyikastely.hu\/wp-content\/uploads\/2023\/06\/Kepernyofoto-2023-06-11-14.39.02-768x439.jpeg 768w, https:\/\/ottevenyikastely.hu\/wp-content\/uploads\/2023\/06\/Kepernyofoto-2023-06-11-14.39.02-600x343.jpeg 600w\" sizes=\"(max-width: 998px) 100vw, 998px\" title=\"\">\t\t\t\t\t\t\t\t\t\t\t\t\t\t\t<\/div>\n\t\t\t\t<\/div>\n\t\t\t\t<div class=\"elementor-element elementor-element-6b9d31b elementor-widget elementor-widget-text-editor\" data-id=\"6b9d31b\" data-element_type=\"widget\" data-e-type=\"widget\" data-widget_type=\"text-editor.default\">\n\t\t\t\t<div class=\"elementor-widget-container\">\n\t\t\t\t\t\t\t\t\t<p>The \u00d6ttev\u00e9nyi F\u00f6ldv\u00e1ry castle is one of the jewels of Western Transdanubia, which is special not only for its architectural beauty but also for its history. Located only 15 km from Gy\u0151r, in the village of \u00d6ttev\u00e9ny, it bears witness to the events of many historical periods and the glorious and tragic history of F\u00f6ldv\u00e1ry and the Cs\u00e1ky family. The castle was originally the home of Baron Mikl\u00f3s F\u00f6ldv\u00e1ry, which over the years has become one of the country's leading noble centres.<\/p>\t\t\t\t\t\t\t\t<\/div>\n\t\t\t\t<\/div>\n\t\t\t\t<\/div>\n\t\t<div class=\"elementor-element elementor-element-7ab839e e-con-full elementor-hidden-tablet elementor-hidden-mobile e-flex e-con e-child\" data-id=\"7ab839e\" data-element_type=\"container\" data-e-type=\"container\">\n\t\t\t\t<div class=\"elementor-element elementor-element-a4d8378 elementor-hidden-tablet elementor-hidden-mobile elementor-widget elementor-widget-image\" data-id=\"a4d8378\" data-element_type=\"widget\" data-e-type=\"widget\" data-widget_type=\"image.default\">\n\t\t\t\t<div class=\"elementor-widget-container\">\n\t\t\t\t\t\t\t\t\t\t\t\t\t\t\t<img fetchpriority=\"high\" decoding=\"async\" width=\"998\" height=\"570\" src=\"https:\/\/ottevenyikastely.hu\/wp-content\/uploads\/2023\/06\/Kepernyofoto-2023-06-11-14.39.02.jpeg\" class=\"attachment-full size-full wp-image-3746\" alt=\"\" srcset=\"https:\/\/ottevenyikastely.hu\/wp-content\/uploads\/2023\/06\/Kepernyofoto-2023-06-11-14.39.02.jpeg 998w, https:\/\/ottevenyikastely.hu\/wp-content\/uploads\/2023\/06\/Kepernyofoto-2023-06-11-14.39.02-300x171.jpeg 300w, https:\/\/ottevenyikastely.hu\/wp-content\/uploads\/2023\/06\/Kepernyofoto-2023-06-11-14.39.02-768x439.jpeg 768w, https:\/\/ottevenyikastely.hu\/wp-content\/uploads\/2023\/06\/Kepernyofoto-2023-06-11-14.39.02-600x343.jpeg 600w\" sizes=\"(max-width: 998px) 100vw, 998px\" title=\"\">\t\t\t\t\t\t\t\t\t\t\t\t\t\t\t<\/div>\n\t\t\t\t<\/div>\n\t\t\t\t<\/div>\n\t\t\t\t<\/div>\n\t\t<div class=\"elementor-element elementor-element-0be23ae e-flex e-con-boxed e-con e-parent\" data-id=\"0be23ae\" data-element_type=\"container\" data-e-type=\"container\">\n\t\t\t\t\t<div class=\"e-con-inner\">\n\t\t\t\t<div class=\"elementor-element elementor-element-f4ff1f2 elementor-widget elementor-widget-text-editor\" data-id=\"f4ff1f2\" data-element_type=\"widget\" data-e-type=\"widget\" data-widget_type=\"text-editor.default\">\n\t\t\t\t<div class=\"elementor-widget-container\">\n\t\t\t\t\t\t\t\t\t<p><b>Historical Roots of the Village and the Castle<\/b><\/p><p>The name \u00d6ttev\u00e9ny is first mentioned in written sources in the 13th century, but its history goes back much earlier, as Bronze Age settlement traces have been found here. In the Middle Ages, \u00d6ttev\u00e9ny was the property of Kom\u00e1rom Castle, but was abandoned during the ravages of the Ottoman period. By the 19th century, however, it had once again become a prosperous settlement, and the history of the castle, which has become a symbol of the whole village over the decades, began.<\/p>\t\t\t\t\t\t\t\t<\/div>\n\t\t\t\t<\/div>\n\t\t\t\t\t<\/div>\n\t\t\t\t<\/div>\n\t\t<div class=\"elementor-element elementor-element-93f79b6 e-con-full e-flex e-con e-parent\" data-id=\"93f79b6\" data-element_type=\"container\" data-e-type=\"container\" data-settings=\"{&quot;background_background&quot;:&quot;classic&quot;}\">\n\t\t<div class=\"elementor-element elementor-element-81d96fa e-con-full elementor-hidden-tablet elementor-hidden-mobile e-flex e-con e-child\" data-id=\"81d96fa\" data-element_type=\"container\" data-e-type=\"container\">\n\t\t\t\t<div class=\"elementor-element elementor-element-3041964 elementor-widget elementor-widget-image\" data-id=\"3041964\" data-element_type=\"widget\" data-e-type=\"widget\" data-widget_type=\"image.default\">\n\t\t\t\t<div class=\"elementor-widget-container\">\n\t\t\t\t\t\t\t\t\t\t\t\t\t\t\t<img decoding=\"async\" width=\"1000\" height=\"800\" src=\"https:\/\/ottevenyikastely.hu\/wp-content\/uploads\/2023\/06\/MicrosoftTeams-image-21.jpg\" class=\"attachment-full size-full wp-image-4266\" alt=\"\" srcset=\"https:\/\/ottevenyikastely.hu\/wp-content\/uploads\/2023\/06\/MicrosoftTeams-image-21.jpg 1000w, https:\/\/ottevenyikastely.hu\/wp-content\/uploads\/2023\/06\/MicrosoftTeams-image-21-300x240.jpg 300w, https:\/\/ottevenyikastely.hu\/wp-content\/uploads\/2023\/06\/MicrosoftTeams-image-21-768x614.jpg 768w, https:\/\/ottevenyikastely.hu\/wp-content\/uploads\/2023\/06\/MicrosoftTeams-image-21-600x480.jpg 600w\" sizes=\"(max-width: 1000px) 100vw, 1000px\" title=\"\">\t\t\t\t\t\t\t\t\t\t\t\t\t\t\t<\/div>\n\t\t\t\t<\/div>\n\t\t\t\t<\/div>\n\t\t<div class=\"elementor-element elementor-element-d2f586c e-con-full e-flex e-con e-child\" data-id=\"d2f586c\" data-element_type=\"container\" data-e-type=\"container\" data-settings=\"{&quot;background_background&quot;:&quot;classic&quot;}\">\n\t\t\t\t<div class=\"elementor-element elementor-element-c23c264 elementor-hidden-desktop elementor-widget elementor-widget-image\" data-id=\"c23c264\" data-element_type=\"widget\" data-e-type=\"widget\" data-widget_type=\"image.default\">\n\t\t\t\t<div class=\"elementor-widget-container\">\n\t\t\t\t\t\t\t\t\t\t\t\t\t\t\t<img decoding=\"async\" width=\"1000\" height=\"800\" src=\"https:\/\/ottevenyikastely.hu\/wp-content\/uploads\/2023\/06\/MicrosoftTeams-image-21.jpg\" class=\"attachment-full size-full wp-image-4266\" alt=\"\" srcset=\"https:\/\/ottevenyikastely.hu\/wp-content\/uploads\/2023\/06\/MicrosoftTeams-image-21.jpg 1000w, https:\/\/ottevenyikastely.hu\/wp-content\/uploads\/2023\/06\/MicrosoftTeams-image-21-300x240.jpg 300w, https:\/\/ottevenyikastely.hu\/wp-content\/uploads\/2023\/06\/MicrosoftTeams-image-21-768x614.jpg 768w, https:\/\/ottevenyikastely.hu\/wp-content\/uploads\/2023\/06\/MicrosoftTeams-image-21-600x480.jpg 600w\" sizes=\"(max-width: 1000px) 100vw, 1000px\" title=\"\">\t\t\t\t\t\t\t\t\t\t\t\t\t\t\t<\/div>\n\t\t\t\t<\/div>\n\t\t\t\t<div class=\"elementor-element elementor-element-4ed1b8b elementor-widget elementor-widget-text-editor\" data-id=\"4ed1b8b\" data-element_type=\"widget\" data-e-type=\"widget\" data-widget_type=\"text-editor.default\">\n\t\t\t\t<div class=\"elementor-widget-container\">\n\t\t\t\t\t\t\t\t\t<p>Construction of the castle began in 1870 by Baron Mikl\u00f3s F\u00f6ldv\u00e1ry, who designed and built the new home for his beloved wife, Kappel Malvina. Construction lasted until 1972 The building was originally a \"manor house\", but was soon extended into a castle, which served as a home for several generations and as a noble centre.<span class=\"Apple-converted-space\">\u00a0<\/span><\/p><p>the actual decision.<\/p>\t\t\t\t\t\t\t\t<\/div>\n\t\t\t\t<\/div>\n\t\t\t\t<\/div>\n\t\t\t\t<\/div>\n\t\t<div class=\"elementor-element elementor-element-2df08bb e-flex e-con-boxed e-con e-parent\" data-id=\"2df08bb\" data-element_type=\"container\" data-e-type=\"container\">\n\t\t\t\t\t<div class=\"e-con-inner\">\n\t\t\t\t<div class=\"elementor-element elementor-element-92a76be elementor-widget elementor-widget-image\" data-id=\"92a76be\" data-element_type=\"widget\" data-e-type=\"widget\" data-widget_type=\"image.default\">\n\t\t\t\t<div class=\"elementor-widget-container\">\n\t\t\t\t\t\t\t\t\t\t\t\t\t\t\t<img decoding=\"async\" width=\"711\" height=\"1024\" src=\"https:\/\/ottevenyikastely.hu\/wp-content\/uploads\/2024\/11\/Kepernyofoto-2024-11-03-13.08.37-711x1024.png\" class=\"attachment-large size-large wp-image-10288\" alt=\"\" srcset=\"https:\/\/ottevenyikastely.hu\/wp-content\/uploads\/2024\/11\/Kepernyofoto-2024-11-03-13.08.37-711x1024.png 711w, https:\/\/ottevenyikastely.hu\/wp-content\/uploads\/2024\/11\/Kepernyofoto-2024-11-03-13.08.37-208x300.png 208w, https:\/\/ottevenyikastely.hu\/wp-content\/uploads\/2024\/11\/Kepernyofoto-2024-11-03-13.08.37-768x1106.png 768w, https:\/\/ottevenyikastely.hu\/wp-content\/uploads\/2024\/11\/Kepernyofoto-2024-11-03-13.08.37-1066x1536.png 1066w, https:\/\/ottevenyikastely.hu\/wp-content\/uploads\/2024\/11\/Kepernyofoto-2024-11-03-13.08.37-8x12.png 8w, https:\/\/ottevenyikastely.hu\/wp-content\/uploads\/2024\/11\/Kepernyofoto-2024-11-03-13.08.37.png 1094w\" sizes=\"(max-width: 711px) 100vw, 711px\" title=\"\">\t\t\t\t\t\t\t\t\t\t\t\t\t\t\t<\/div>\n\t\t\t\t<\/div>\n\t\t\t\t\t<\/div>\n\t\t\t\t<\/div>\n\t\t<div class=\"elementor-element elementor-element-ee3c781 e-flex e-con-boxed e-con e-parent\" data-id=\"ee3c781\" data-element_type=\"container\" data-e-type=\"container\">\n\t\t\t\t\t<div class=\"e-con-inner\">\n\t\t\t\t<div class=\"elementor-element elementor-element-a8af3cb elementor-widget elementor-widget-text-editor\" data-id=\"a8af3cb\" data-element_type=\"widget\" data-e-type=\"widget\" data-widget_type=\"text-editor.default\">\n\t\t\t\t<div class=\"elementor-widget-container\">\n\t\t\t\t\t\t\t\t\t<p>Mikl\u00f3s F\u00f6ldv\u00e1ry was a Hussar officer and member of Parliament who played a leading role in the political life of the period. Thanks to its location, the castle became a regular meeting place for the political elite of the time, and legend has it that important decisions on many national issues were taken here.<\/p><p>Nicholas and Malvina raised three children here: Elem\u00e9rt, Tibor and Valeria. F\u00f6ldv\u00e1ry Elem\u00e9r became a Doctor of State Sciences and was also a member of the Upper House of Parliament. Tibor, the other son of the family, excelled in sport, becoming Hungary's first European figure skating champion in 1895. He also contributed to the development of international rules for figure skating, and his work is commemorated to this day by a marble plaque on the wall of the Budapest Figure Skating Rink.<\/p>\t\t\t\t\t\t\t\t<\/div>\n\t\t\t\t<\/div>\n\t\t\t\t\t<\/div>\n\t\t\t\t<\/div>\n\t\t<div class=\"elementor-element elementor-element-9bb7141 e-flex e-con-boxed e-con e-parent\" data-id=\"9bb7141\" data-element_type=\"container\" data-e-type=\"container\">\n\t\t\t\t\t<div class=\"e-con-inner\">\n\t\t\t\t<div class=\"elementor-element elementor-element-630bc5e elementor-widget elementor-widget-image\" data-id=\"630bc5e\" data-element_type=\"widget\" data-e-type=\"widget\" data-widget_type=\"image.default\">\n\t\t\t\t<div class=\"elementor-widget-container\">\n\t\t\t\t\t\t\t\t\t\t\t\t\t\t\t<img loading=\"lazy\" decoding=\"async\" width=\"1024\" height=\"653\" src=\"https:\/\/ottevenyikastely.hu\/wp-content\/uploads\/2024\/08\/OTTEVENYI-KASTELY-1024x653.jpg\" class=\"attachment-large size-large wp-image-8923\" alt=\"\" srcset=\"https:\/\/ottevenyikastely.hu\/wp-content\/uploads\/2024\/08\/OTTEVENYI-KASTELY-1024x653.jpg 1024w, https:\/\/ottevenyikastely.hu\/wp-content\/uploads\/2024\/08\/OTTEVENYI-KASTELY-300x191.jpg 300w, https:\/\/ottevenyikastely.hu\/wp-content\/uploads\/2024\/08\/OTTEVENYI-KASTELY-768x490.jpg 768w, https:\/\/ottevenyikastely.hu\/wp-content\/uploads\/2024\/08\/OTTEVENYI-KASTELY-1536x979.jpg 1536w, https:\/\/ottevenyikastely.hu\/wp-content\/uploads\/2024\/08\/OTTEVENYI-KASTELY-2048x1305.jpg 2048w, https:\/\/ottevenyikastely.hu\/wp-content\/uploads\/2024\/08\/OTTEVENYI-KASTELY-18x12.jpg 18w\" sizes=\"(max-width: 1024px) 100vw, 1024px\" title=\"\">\t\t\t\t\t\t\t\t\t\t\t\t\t\t\t<\/div>\n\t\t\t\t<\/div>\n\t\t\t\t\t<\/div>\n\t\t\t\t<\/div>\n\t\t<div class=\"elementor-element elementor-element-1e3f845 e-flex e-con-boxed e-con e-parent\" data-id=\"1e3f845\" data-element_type=\"container\" data-e-type=\"container\">\n\t\t\t\t\t<div class=\"e-con-inner\">\n\t\t\t\t<div class=\"elementor-element elementor-element-7404741 elementor-widget elementor-widget-text-editor\" data-id=\"7404741\" data-element_type=\"widget\" data-e-type=\"widget\" data-widget_type=\"text-editor.default\">\n\t\t\t\t<div class=\"elementor-widget-container\">\n\t\t\t\t\t\t\t\t\t<p><b>The role of F\u00f6ldv\u00e1ry and the Cs\u00e1ky family in Hungarian history<\/b><\/p><ol><li><b>Baron F\u00f6ldv\u00e1ry Nicholas de Bern\u00e1tfalva (1840-1914)<\/b> - The builder of the F\u00f6ldv\u00e1ry castle, a Hussar officer and Member of Parliament, who had the castle built for his wife, Kappel Malvina. Mikl\u00f3s played a major role in political life and the castle became an important meeting place for the political elite of the time.<\/li><li><b>F\u00f6ldv\u00e1ry Elem\u00e9r (1862-1936)<\/b> - F\u00f6ldv\u00e1ry Mikl\u00f3s, son of Mikl\u00f3s, Doctor of State Sciences, member of the Upper House of Parliament and supervisor of the Pest County Evangelical Church District. Through his political and public activities he has had a great influence in the region and on the Hungarian political scene.<\/li><li><b>F\u00f6ldv\u00e1ry Tibor (1863-1912)<\/b> - Hungary's first European figure skating champion, who won the championship in 1895. He also helped to develop the international rules of figure skating. His achievements made him Hungary's first significant figure skater and he is still remembered in the history of the sport.<\/li><li><b>F\u00f6ldv\u00e1ry-Elem\u00e9r Bo\u00e9r (1930-1956)<\/b> - A tragic member of the F\u00f6ldv\u00e1ry family, former owner of a mansion, writer and poet. Arrested in 1949, he was imprisoned in the notorious internment camps of Kistarcha and Recsk. His novel 'The Vulnerable', written about his experiences in the internment camps, is an important literary memoir of the dark period of deportation and internment. During his internment, he was sent to Kistarchy and then to Recsk, where he was a member of the 1608 strict labour brigade. In Rechsk he went on hunger strike because medicine was being taken away from the sick. He was not released even after the dissolution of the Recsk camp in 1953. After his release, he worked as a rubber factory worker, boiler heater and also in forestry and logging. He wrote a novel about his imprisonment entitled \"The Vulnerable\", which, in addition to his experiences in the Recsk camp, also deals with the deportations. He was seriously wounded in the volley fired at the Parliament and was hospitalised, but was beyond help as he had been shot in the lungs and liver.<\/li><li><b>Count K\u00e1roly Cs\u00e1ky (1873-1945)<\/b> - A prominent member of the Cs\u00e1ky family, he was Minister of Defence between 1921 and 1927.Through his marriage to Valeria F\u00f6ldv\u00e1ry, he was connected to the castle of \u00f6ttev\u00e9ny, which was a major political centre at the time of their marriage.<\/li><li><b>Count Imre Cs\u00e1ky (1882-1961)<\/b> - Foreign Minister, who served as Foreign Minister in 1920 and again from 1938 to 1941. Imre Cs\u00e1ky played a significant role in Hungary's foreign policy and diplomatic relations between the two world wars. After the Second World War he went abroad and died on the island of Tenerife.<\/li><li><b>Count Andor Cs\u00e1ky (1896-1977)<\/b> - A member of the Cs\u00e1ky family who stood out for his interest in art. He made amateur art at the F\u00f6ldv\u00e1ry castle, including a silent film drama in the early 1930s. In addition to his artistic interests, he was in contact with German and French film circles and used the castle as a creative centre.<\/li><li><b>Count Albin Cs\u00e1ky (1841-1912)<\/b> - Minister for Religious Affairs and Education, who held the post from 1888 to 1894. In addition to his political activities, he was involved in the reform of the Hungarian education system and launched a number of initiatives to improve religious education and public education.<\/li><\/ol>\t\t\t\t\t\t\t\t<\/div>\n\t\t\t\t<\/div>\n\t\t\t\t\t<\/div>\n\t\t\t\t<\/div>\n\t\t<div class=\"elementor-element elementor-element-5dc7ebf e-flex e-con-boxed e-con e-parent\" data-id=\"5dc7ebf\" data-element_type=\"container\" data-e-type=\"container\">\n\t\t\t\t\t<div class=\"e-con-inner\">\n\t\t\t\t<div class=\"elementor-element elementor-element-fde5669 elementor-widget elementor-widget-image\" data-id=\"fde5669\" data-element_type=\"widget\" data-e-type=\"widget\" data-widget_type=\"image.default\">\n\t\t\t\t<div class=\"elementor-widget-container\">\n\t\t\t\t\t\t\t\t\t\t\t\t\t\t\t<img loading=\"lazy\" decoding=\"async\" width=\"1024\" height=\"744\" src=\"https:\/\/ottevenyikastely.hu\/wp-content\/uploads\/2024\/11\/Csaki-Istvan-grof-2-1024x744.jpeg\" class=\"attachment-large size-large wp-image-10282\" alt=\"\" srcset=\"https:\/\/ottevenyikastely.hu\/wp-content\/uploads\/2024\/11\/Csaki-Istvan-grof-2-1024x744.jpeg 1024w, https:\/\/ottevenyikastely.hu\/wp-content\/uploads\/2024\/11\/Csaki-Istvan-grof-2-300x218.jpeg 300w, https:\/\/ottevenyikastely.hu\/wp-content\/uploads\/2024\/11\/Csaki-Istvan-grof-2-768x558.jpeg 768w, https:\/\/ottevenyikastely.hu\/wp-content\/uploads\/2024\/11\/Csaki-Istvan-grof-2-1536x1116.jpeg 1536w, https:\/\/ottevenyikastely.hu\/wp-content\/uploads\/2024\/11\/Csaki-Istvan-grof-2-18x12.jpeg 18w, https:\/\/ottevenyikastely.hu\/wp-content\/uploads\/2024\/11\/Csaki-Istvan-grof-2.jpeg 1776w\" sizes=\"(max-width: 1024px) 100vw, 1024px\" title=\"\">\t\t\t\t\t\t\t\t\t\t\t\t\t\t\t<\/div>\n\t\t\t\t<\/div>\n\t\t\t\t\t<\/div>\n\t\t\t\t<\/div>\n\t\t<div class=\"elementor-element elementor-element-539903f e-flex e-con-boxed e-con e-parent\" data-id=\"539903f\" data-element_type=\"container\" data-e-type=\"container\">\n\t\t\t\t\t<div class=\"e-con-inner\">\n\t\t\t\t<div class=\"elementor-element elementor-element-9b25038 elementor-widget elementor-widget-text-editor\" data-id=\"9b25038\" data-element_type=\"widget\" data-e-type=\"widget\" data-widget_type=\"text-editor.default\">\n\t\t\t\t<div class=\"elementor-widget-container\">\n\t\t\t\t\t\t\t\t\t<p><b>The women of the family were also important personalities.\u00a0<\/b><\/p><p>The daughter of F\u00f6ldv\u00e1ry Valeria, who took back her maiden name after divorce, she has played a number of social and cultural roles throughout her life. She supported the cottage industry in Hungary and after the war helped to set up day care centres and children's wards. During her activities in Gy\u0151r, she supported local women's associations and contributed to the development of village life, the modernisation of eating habits and the revival of the Hungarian cottage industry. Valeria F\u00f6ldv\u00e1ry was not only the heiress of the \u00d6ttev\u00e9nyi F\u00f6ldv\u00e1ry manor, but also played a prominent role in her community and the country through her selfless work for her village and the development of the Hungarian economy. Unusually for an aristocracy of her time, Valeria was not only an active member of the country's political and social elite, but also supported the local population and the rural economy through her concrete initiatives and personal contributions.<\/p><p><b>Work for \u00d6ttev\u00e9ny and the Development of Rural Life<\/b><\/p><p>Valeria was committed to supporting \u00d6ttev\u00e9ny and the village community. She believed that the development of the local economy was essential for the village and the Hungarian countryside as a whole. She encouraged the villagers not only to produce basic agricultural products but also to start growing modern and diversified crops. One of his initiatives was to promote among the villagers the production of vegetables, which at that time was a rarity in this part of Hungary. To this end, he organised regular weekly markets, where local people could buy fresh fruit and vegetables.<\/p><p><b>Promotion of the Hungarian Cottage Industry<\/b><\/p><p>Valeria paid particular attention to Hungarian cottage industry, which was an important pillar of the rural economy. She saw cottage industry production as a means of livelihood and self-reliance for rural women and families. He worked for years to promote and develop Hungarian cottage industries, especially handicraft embroidery, straw hat making and corncob work, not only in \u00d6ttev\u00e9ny but throughout the country. He often organised lectures and demonstrations where local people could learn about these techniques and draw inspiration from them.<\/p><p>He also regularly took part in various world exhibitions and international shows, such as the 1935 Brussels World Exhibition, where he headed a Hungarian pavilion presenting Hungarian cottage industry products. Thanks to his work, Hungarian handicraft products became popular not only at home but also abroad, providing a significant income for rural craftsmen and producers.<\/p><p><b>Civic Engagement and Women's Associations<\/b><\/p><p>Val\u00e9ria was an active member of the Gy\u0151r-based MANSZ (National Association of Hungarian Women), a women's association supporting social and cultural activities. Its aim was to strengthen links between rural and urban women and to promote their role in social welfare. Within the framework of this association, Valeria paid particular attention to supporting educational and cultural initiatives, was involved in the distribution of school books, in caring for the poor and in organising various social actions. She brought together women from different denominational associations to jointly support the community and those in need.<\/p><p><b>Child Protection Initiatives<\/b><\/p><p>The equipment of the children's ward of the Gy\u0151r hospital was also completed with Val\u00e9ria's support. After the First World War, she organised various charity collections and donations, which enabled the hospital in Gy\u0151r to equip a new children's ward. In addition to improving children's health care, she also set up nurseries and day care homes for the children of working women. In these day care centres, he provided opportunities for women to keep their children safe while they worked, thus helping to increase women's employment and economic empowerment.<\/p><p><b>Poultry Farming and Agricultural Innovation<\/b><\/p><p>Valeria was also committed to modernising poultry farming. With the support of the Ministry of Agriculture, for the first time in \u00d6ttev\u00e9nyen a special\u00a0<span style=\"caret-color: #000000; color: #000000; font-size: medium; font-style: normal; font-variant-caps: normal; text-align: var(--text-align);\">Rhode Island<\/span><span style=\"font-size: 18px; text-align: var(--text-align);\">\u00a0started to breed red poultry in an attempt to encourage rural farmers to modernise their poultry farming. His initiative was aimed at improving the economic situation of \u00d6ttev\u00e9nyi producers and increasing the self-sustainability of rural households.<\/span><\/p><p><b>His legacy and impact on the Community<\/b><\/p><p>Valeria F\u00f6ldv\u00e1ry's work has had a major impact not only in and around \u00d6ttev\u00e9ny, but also throughout the country. Through her innovative initiatives and her work for the local community, she has set an example to members of noble families on how to contribute to social welfare and economic development. Through her social and economic work and her role in women's associations, Valeria made a difference at a time when women's initiatives and the modernisation of the rural economy were not yet widespread. Her legacy and impact are still remembered in the history of Hungarian rural life and economy.<\/p>\t\t\t\t\t\t\t\t<\/div>\n\t\t\t\t<\/div>\n\t\t\t\t\t<\/div>\n\t\t\t\t<\/div>\n\t\t<div class=\"elementor-element elementor-element-c2a7cc4 e-flex e-con-boxed e-con e-parent\" data-id=\"c2a7cc4\" data-element_type=\"container\" data-e-type=\"container\">\n\t\t\t\t\t<div class=\"e-con-inner\">\n\t\t\t\t<div class=\"elementor-element elementor-element-7659739 elementor-widget elementor-widget-image\" data-id=\"7659739\" data-element_type=\"widget\" data-e-type=\"widget\" data-widget_type=\"image.default\">\n\t\t\t\t<div class=\"elementor-widget-container\">\n\t\t\t\t\t\t\t\t\t\t\t\t<figure class=\"wp-caption\">\n\t\t\t\t\t\t\t\t\t\t<img loading=\"lazy\" decoding=\"async\" width=\"640\" height=\"427\" src=\"https:\/\/ottevenyikastely.hu\/wp-content\/uploads\/2024\/11\/chicken-4849979_640-2.jpg\" class=\"attachment-large size-large wp-image-10296\" alt=\"\" srcset=\"https:\/\/ottevenyikastely.hu\/wp-content\/uploads\/2024\/11\/chicken-4849979_640-2.jpg 640w, https:\/\/ottevenyikastely.hu\/wp-content\/uploads\/2024\/11\/chicken-4849979_640-2-300x200.jpg 300w, https:\/\/ottevenyikastely.hu\/wp-content\/uploads\/2024\/11\/chicken-4849979_640-2-18x12.jpg 18w\" sizes=\"(max-width: 640px) 100vw, 640px\" title=\"\">\t\t\t\t\t\t\t\t\t\t\t<figcaption class=\"widget-image-caption wp-caption-text\">Rhode Island red hens \u00d6ttev\u00e9nyen<\/figcaption>\n\t\t\t\t\t\t\t\t\t\t<\/figure>\n\t\t\t\t\t\t\t\t\t<\/div>\n\t\t\t\t<\/div>\n\t\t\t\t\t<\/div>\n\t\t\t\t<\/div>\n\t\t<div class=\"elementor-element elementor-element-c15b17e e-flex e-con-boxed e-con e-parent\" data-id=\"c15b17e\" data-element_type=\"container\" data-e-type=\"container\">\n\t\t\t\t\t<div class=\"e-con-inner\">\n\t\t\t\t<div class=\"elementor-element elementor-element-3eb1a4d elementor-widget elementor-widget-text-editor\" data-id=\"3eb1a4d\" data-element_type=\"widget\" data-e-type=\"widget\" data-widget_type=\"text-editor.default\">\n\t\t\t\t<div class=\"elementor-widget-container\">\n\t\t\t\t\t\t\t\t\t<p><b>The significance of the Castle<span class=\"Apple-converted-space\">\u00a0<\/span><\/b><\/p><p>The F\u00f6ldv\u00e1ry castle has become a symbol of Hungarian culture and noble life. Although the family has fallen on hard times, the memories, photographs and archival documents preserved within the walls of the castle still remind us of the glory days of the past. The F\u00f6ldv\u00e1ry manor house is now part of the cultural heritage of the \u00d6ttev\u00e9nyi community, although it has long been in a state of disrepair, the building has suffered from decades of lack of maintenance and the memories of the past, trapped within its walls, are fading with time. The state of the once magnificent castle has long symbolised the fate of the Hungarian nobility, who lost their home and power amidst the storms of history.<\/p><p>But the history of the \u00d6ttev\u00e9nyi F\u00f6ldv\u00e1ry castle will not be forgotten. The archival documents and family memories allow us to preserve the memory of the Cs\u00e1ky and F\u00f6ldv\u00e1ry families, whose lives, successes and misfortunes have contributed to the rich tapestry of Hungarian culture and history. For newer generations, the history of the castle and the family is both a lesson and an inspiration, encouraging them to appreciate and preserve the values of the past.<\/p>\t\t\t\t\t\t\t\t<\/div>\n\t\t\t\t<\/div>\n\t\t\t\t\t<\/div>\n\t\t\t\t<\/div>\n\t\t<div class=\"elementor-element elementor-element-790c44c e-flex e-con-boxed e-con e-parent\" data-id=\"790c44c\" data-element_type=\"container\" data-e-type=\"container\">\n\t\t\t\t\t<div class=\"e-con-inner\">\n\t\t\t\t<div class=\"elementor-element elementor-element-979268e elementor-widget elementor-widget-image\" data-id=\"979268e\" data-element_type=\"widget\" data-e-type=\"widget\" data-widget_type=\"image.default\">\n\t\t\t\t<div class=\"elementor-widget-container\">\n\t\t\t\t\t\t\t\t\t\t\t\t\t\t\t<img loading=\"lazy\" decoding=\"async\" width=\"1024\" height=\"379\" src=\"https:\/\/ottevenyikastely.hu\/wp-content\/uploads\/2024\/11\/Kepernyofoto-2024-11-03-12.57.51-1024x379.png\" class=\"attachment-large size-large wp-image-10284\" alt=\"\" srcset=\"https:\/\/ottevenyikastely.hu\/wp-content\/uploads\/2024\/11\/Kepernyofoto-2024-11-03-12.57.51-1024x379.png 1024w, https:\/\/ottevenyikastely.hu\/wp-content\/uploads\/2024\/11\/Kepernyofoto-2024-11-03-12.57.51-300x111.png 300w, https:\/\/ottevenyikastely.hu\/wp-content\/uploads\/2024\/11\/Kepernyofoto-2024-11-03-12.57.51-768x284.png 768w, https:\/\/ottevenyikastely.hu\/wp-content\/uploads\/2024\/11\/Kepernyofoto-2024-11-03-12.57.51-1536x568.png 1536w, https:\/\/ottevenyikastely.hu\/wp-content\/uploads\/2024\/11\/Kepernyofoto-2024-11-03-12.57.51-18x7.png 18w, https:\/\/ottevenyikastely.hu\/wp-content\/uploads\/2024\/11\/Kepernyofoto-2024-11-03-12.57.51.png 1686w\" sizes=\"(max-width: 1024px) 100vw, 1024px\" title=\"\">\t\t\t\t\t\t\t\t\t\t\t\t\t\t\t<\/div>\n\t\t\t\t<\/div>\n\t\t\t\t\t<\/div>\n\t\t\t\t<\/div>\n\t\t<div class=\"elementor-element elementor-element-bd950e6 e-flex e-con-boxed e-con e-parent\" data-id=\"bd950e6\" data-element_type=\"container\" data-e-type=\"container\">\n\t\t\t\t\t<div class=\"e-con-inner\">\n\t\t\t\t<div class=\"elementor-element elementor-element-a6be777 elementor-widget elementor-widget-text-editor\" data-id=\"a6be777\" data-element_type=\"widget\" data-e-type=\"widget\" data-widget_type=\"text-editor.default\">\n\t\t\t\t<div class=\"elementor-widget-container\">\n\t\t\t\t\t\t\t\t\t<p><b>The Cs\u00e1ky Marriage and Heritage<\/b><\/p><p>The next significant chapter in the history of the F\u00f6ldv\u00e1ry family was written by his daughter Val\u00e9ria, who married Count K\u00e1roly Cs\u00e1ky, then Minister of Defence of Hungary, in 1895.<span class=\"Apple-converted-space\">\u00a0<\/span><\/p><p>Through the Cs\u00e1ky and F\u00f6ldv\u00e1ry family connections, the castle has hosted a number of prominent political and public figures, including Count Imre Cs\u00e1ky and Count Istv\u00e1n Cs\u00e1ky, both of whom served as foreign ministers in Hungary. Thanks to the political influence of the castle, prominent public figures of the time also visited \u00d6ttev\u00e9ny, where informal meetings and important negotiations could take place.<\/p><p>The castle often hosted members of the Hungarian aristocracy, including the F\u00f6ldv\u00e1ry and Cs\u00e1ky families, who received distinguished visitors through other family connections, such as the Esterh\u00e1zy, P\u00e1lffy and Batthy\u00e1ny families, and politicians, officers and intellectuals, for whom the castle served as a kind of community and cultural centre.<\/p><p>Count Andor Cs\u00e1ky, the grandson of Val\u00e9ria's son and Minister of Defence K\u00e1roly Cs\u00e1ky, also owned the castle between the two world wars. Andor Cs\u00e1ky was a well-known amateur artist who made films and took photographs, and in the 1930s he filmed a silent drama on the estate. At the time, the castle also functioned as an arts centre for amateur actors and film enthusiasts, and was also in contact with German and French film circles. In his early years, Andor also studied poetry and economics, before turning to photography and filmmaking. In the early 1930s Andor was one of the pioneers of silent filmmaking in Hungary. In 1931, he filmed a two-act silent drama in the castle, featuring acting students and castle staff. Through the Count's contacts with the German and French film industries, and even the American Film Association, he consulted them while planning his own film. The castle was bought by the Kuster family shortly before the war.<\/p>\t\t\t\t\t\t\t\t<\/div>\n\t\t\t\t<\/div>\n\t\t\t\t\t<\/div>\n\t\t\t\t<\/div>\n\t\t<div class=\"elementor-element elementor-element-8b00050 e-flex e-con-boxed e-con e-parent\" data-id=\"8b00050\" data-element_type=\"container\" data-e-type=\"container\">\n\t\t\t\t\t<div class=\"e-con-inner\">\n\t\t\t\t<div class=\"elementor-element elementor-element-aa45798 elementor-widget elementor-widget-image\" data-id=\"aa45798\" data-element_type=\"widget\" data-e-type=\"widget\" data-widget_type=\"image.default\">\n\t\t\t\t<div class=\"elementor-widget-container\">\n\t\t\t\t\t\t\t\t\t\t\t\t\t\t\t<img loading=\"lazy\" decoding=\"async\" width=\"800\" height=\"555\" src=\"https:\/\/ottevenyikastely.hu\/wp-content\/uploads\/2024\/11\/08.jpg\" class=\"attachment-large size-large wp-image-10303\" alt=\"\" srcset=\"https:\/\/ottevenyikastely.hu\/wp-content\/uploads\/2024\/11\/08.jpg 800w, https:\/\/ottevenyikastely.hu\/wp-content\/uploads\/2024\/11\/08-300x208.jpg 300w, https:\/\/ottevenyikastely.hu\/wp-content\/uploads\/2024\/11\/08-768x533.jpg 768w, https:\/\/ottevenyikastely.hu\/wp-content\/uploads\/2024\/11\/08-18x12.jpg 18w\" sizes=\"(max-width: 800px) 100vw, 800px\" title=\"\">\t\t\t\t\t\t\t\t\t\t\t\t\t\t\t<\/div>\n\t\t\t\t<\/div>\n\t\t\t\t\t<\/div>\n\t\t\t\t<\/div>\n\t\t<div class=\"elementor-element elementor-element-9e3c46b e-flex e-con-boxed e-con e-parent\" data-id=\"9e3c46b\" data-element_type=\"container\" data-e-type=\"container\">\n\t\t\t\t\t<div class=\"e-con-inner\">\n\t\t\t\t<div class=\"elementor-element elementor-element-c05c87e elementor-widget elementor-widget-text-editor\" data-id=\"c05c87e\" data-element_type=\"widget\" data-e-type=\"widget\" data-widget_type=\"text-editor.default\">\n\t\t\t\t<div class=\"elementor-widget-container\">\n\t\t\t\t\t\t\t\t\t<p><b>Kuster family history<\/b><\/p><p>Emil Kustler and his wife Ter\u00e9zia were a talented catering dynasty. They ran the Hung\u00e1ria Caf\u00e9 on Baros \u00fat in downtown Gy\u0151r, on the site of today's Mc'Donalds. Their sons operated the Paprika tavern on the road to Abda at the Sopron junction, where the Disco is today. The F\u00f6ldv\u00e1ry castle was bought with the intention of establishing a Casino, but the plans for a luxurious grand palace were cut short by the arrival of the Russians and nationalisation. Aunt Kustlerneni was evicted from the castle, a house with no kitchen facilities was built for her next to the palm house and she tried to make a living by raising goats in undignified conditions, at the time as a working class enemy.<span class=\"Apple-converted-space\">\u00a0<\/span><\/p>\t\t\t\t\t\t\t\t<\/div>\n\t\t\t\t<\/div>\n\t\t\t\t\t<\/div>\n\t\t\t\t<\/div>\n\t\t<div class=\"elementor-element elementor-element-f9cb99b e-flex e-con-boxed e-con e-parent\" data-id=\"f9cb99b\" data-element_type=\"container\" data-e-type=\"container\">\n\t\t\t\t\t<div class=\"e-con-inner\">\n\t\t\t\t<div class=\"elementor-element elementor-element-760de94 elementor-widget elementor-widget-image\" data-id=\"760de94\" data-element_type=\"widget\" data-e-type=\"widget\" data-widget_type=\"image.default\">\n\t\t\t\t<div class=\"elementor-widget-container\">\n\t\t\t\t\t\t\t\t\t\t\t\t\t\t\t<img loading=\"lazy\" decoding=\"async\" width=\"1024\" height=\"787\" src=\"https:\/\/ottevenyikastely.hu\/wp-content\/uploads\/2024\/11\/Hadikorhaz-Enhanced-1024x787.jpg\" class=\"attachment-large size-large wp-image-10286\" alt=\"\" srcset=\"https:\/\/ottevenyikastely.hu\/wp-content\/uploads\/2024\/11\/Hadikorhaz-Enhanced-1024x787.jpg 1024w, https:\/\/ottevenyikastely.hu\/wp-content\/uploads\/2024\/11\/Hadikorhaz-Enhanced-300x230.jpg 300w, https:\/\/ottevenyikastely.hu\/wp-content\/uploads\/2024\/11\/Hadikorhaz-Enhanced-768x590.jpg 768w, https:\/\/ottevenyikastely.hu\/wp-content\/uploads\/2024\/11\/Hadikorhaz-Enhanced-1536x1180.jpg 1536w, https:\/\/ottevenyikastely.hu\/wp-content\/uploads\/2024\/11\/Hadikorhaz-Enhanced-16x12.jpg 16w, https:\/\/ottevenyikastely.hu\/wp-content\/uploads\/2024\/11\/Hadikorhaz-Enhanced.jpg 1760w\" sizes=\"(max-width: 1024px) 100vw, 1024px\" title=\"\">\t\t\t\t\t\t\t\t\t\t\t\t\t\t\t<\/div>\n\t\t\t\t<\/div>\n\t\t\t\t\t<\/div>\n\t\t\t\t<\/div>\n\t\t<div class=\"elementor-element elementor-element-24f50e6 e-flex e-con-boxed e-con e-parent\" data-id=\"24f50e6\" data-element_type=\"container\" data-e-type=\"container\">\n\t\t\t\t\t<div class=\"e-con-inner\">\n\t\t\t\t<div class=\"elementor-element elementor-element-b50445d elementor-widget elementor-widget-text-editor\" data-id=\"b50445d\" data-element_type=\"widget\" data-e-type=\"widget\" data-widget_type=\"text-editor.default\">\n\t\t\t\t<div class=\"elementor-widget-container\">\n\t\t\t\t\t\t\t\t\t<p><b>The Impact of the Castle and the Family in the 20th Century<\/b><\/p><p>Nationalisation in 1945 brought a dramatic turn in the life of the castle. During the Russian occupation, the estate was taken from the family and the furniture was raffled off to the locals, leaving the interiors without their original elegant appearance. During the war, the building was used as a military hospital. After the war, emergency housing was set up to temporarily house local residents. The nationalised mansion also served a number of other functions: it housed a pharmacy, a nurses' home, a machine station for workers at a nearby factory, party offices and other official premises. The new functions and the constant alterations have led to a steady deterioration of the building, which has lost its original historic character. A large part of the estate was parcelled up and distributed free of charge, radically changing the setting of the castle and its relationship with the \u00d6ttev\u00e9ny community.<\/p><p>Most of the Cs\u00e1ky family and the F\u00f6ldv\u00e1ry descendants were forced to flee abroad, as the new political system did not provide them with space and opportunities in their homeland. In her memoirs, M\u00e1ria F\u00f6ldv\u00e1ry-Bo\u00e9r, a member of the family, recalled the hardships the family had to endure, including for her son,<span class=\"Apple-converted-space\">\u00a0 <\/span>who was abducted during the Russian occupation and died of dysentery. Another family member, Elem\u00e9r, died during the 1956 revolution after spending years in internment camps.<\/p>\t\t\t\t\t\t\t\t<\/div>\n\t\t\t\t<\/div>\n\t\t\t\t\t<\/div>\n\t\t\t\t<\/div>\n\t\t<div class=\"elementor-element elementor-element-d15290b e-flex e-con-boxed e-con e-parent\" data-id=\"d15290b\" data-element_type=\"container\" data-e-type=\"container\">\n\t\t\t\t\t<div class=\"e-con-inner\">\n\t\t\t\t<div class=\"elementor-element elementor-element-62c24ab elementor-widget elementor-widget-image\" data-id=\"62c24ab\" data-element_type=\"widget\" data-e-type=\"widget\" data-widget_type=\"image.default\">\n\t\t\t\t<div class=\"elementor-widget-container\">\n\t\t\t\t\t\t\t\t\t\t\t\t\t\t\t<img loading=\"lazy\" decoding=\"async\" width=\"909\" height=\"1024\" src=\"https:\/\/ottevenyikastely.hu\/wp-content\/uploads\/2024\/11\/kastely-udvar-rezkarc-909x1024.jpeg\" class=\"attachment-large size-large wp-image-10287\" alt=\"\" srcset=\"https:\/\/ottevenyikastely.hu\/wp-content\/uploads\/2024\/11\/kastely-udvar-rezkarc-909x1024.jpeg 909w, https:\/\/ottevenyikastely.hu\/wp-content\/uploads\/2024\/11\/kastely-udvar-rezkarc-266x300.jpeg 266w, https:\/\/ottevenyikastely.hu\/wp-content\/uploads\/2024\/11\/kastely-udvar-rezkarc-768x865.jpeg 768w, https:\/\/ottevenyikastely.hu\/wp-content\/uploads\/2024\/11\/kastely-udvar-rezkarc-1364x1536.jpeg 1364w, https:\/\/ottevenyikastely.hu\/wp-content\/uploads\/2024\/11\/kastely-udvar-rezkarc-11x12.jpeg 11w, https:\/\/ottevenyikastely.hu\/wp-content\/uploads\/2024\/11\/kastely-udvar-rezkarc.jpeg 1744w\" sizes=\"(max-width: 909px) 100vw, 909px\" title=\"\">\t\t\t\t\t\t\t\t\t\t\t\t\t\t\t<\/div>\n\t\t\t\t<\/div>\n\t\t\t\t\t<\/div>\n\t\t\t\t<\/div>\n\t\t<div class=\"elementor-element elementor-element-64a9271 e-flex e-con-boxed e-con e-parent\" data-id=\"64a9271\" data-element_type=\"container\" data-e-type=\"container\">\n\t\t\t\t\t<div class=\"e-con-inner\">\n\t\t\t\t<div class=\"elementor-element elementor-element-92b8820 elementor-widget elementor-widget-text-editor\" data-id=\"92b8820\" data-element_type=\"widget\" data-e-type=\"widget\" data-widget_type=\"text-editor.default\">\n\t\t\t\t<div class=\"elementor-widget-container\">\n\t\t\t\t\t\t\t\t\t<p><b>Wagon factory then owned by EDASZ Rt.<\/b><\/p><p>First the wagon factory, then in 1988 the building became the property of \u00c9D\u00c1SZ Rt. (North Transdanubian Electricity Supply Company), and this marked the beginning of a new era for the castle. \u00c9D\u00c1SZ started a major renovation project, and over a period of four years, careful work was carried out to restore the building to its original state. The former castle has been transformed into a modern three-star hotel, which has become a centre of social and tourist life in the region. The reopening of the castle as a hotel has allowed visitors to re-enter the building, enabling the local community and tourists to rediscover its history and beauty. The castle then went out of business for a while, with many people running and owning it, trying to make it beautiful and put it to good use.<\/p>\t\t\t\t\t\t\t\t<\/div>\n\t\t\t\t<\/div>\n\t\t\t\t\t<\/div>\n\t\t\t\t<\/div>\n\t\t<div class=\"elementor-element elementor-element-26e51df e-flex e-con-boxed e-con e-parent\" data-id=\"26e51df\" data-element_type=\"container\" data-e-type=\"container\" data-settings=\"{&quot;background_background&quot;:&quot;classic&quot;}\">\n\t\t\t\t\t<div class=\"e-con-inner\">\n\t\t\t\t<div class=\"elementor-element elementor-element-dcaabb3 elementor-widget elementor-widget-heading\" data-id=\"dcaabb3\" data-element_type=\"widget\" data-e-type=\"widget\" data-widget_type=\"heading.default\">\n\t\t\t\t<div class=\"elementor-widget-container\">\n\t\t\t\t\t<h1 class=\"elementor-heading-title elementor-size-default\">NAPJAINKBAN...<\/h1>\t\t\t\t<\/div>\n\t\t\t\t<\/div>\n\t\t\t\t\t<\/div>\n\t\t\t\t<\/div>\n\t\t<div class=\"elementor-element elementor-element-8638328 e-con-full e-flex e-con e-parent\" data-id=\"8638328\" data-element_type=\"container\" data-e-type=\"container\" data-settings=\"{&quot;background_background&quot;:&quot;classic&quot;}\">\n\t\t<div class=\"elementor-element elementor-element-d2122a9 e-con-full e-flex e-con e-child\" data-id=\"d2122a9\" data-element_type=\"container\" data-e-type=\"container\" data-settings=\"{&quot;background_background&quot;:&quot;classic&quot;}\">\n\t\t\t\t<div class=\"elementor-element elementor-element-3227ae7 elementor-hidden-desktop elementor-widget elementor-widget-image\" data-id=\"3227ae7\" data-element_type=\"widget\" data-e-type=\"widget\" data-widget_type=\"image.default\">\n\t\t\t\t<div class=\"elementor-widget-container\">\n\t\t\t\t\t\t\t\t\t\t\t\t\t\t\t<img loading=\"lazy\" decoding=\"async\" width=\"510\" height=\"422\" src=\"https:\/\/ottevenyikastely.hu\/wp-content\/uploads\/2023\/06\/510px-Daniela_Hantuchova_14273958309_cropped_cropped1.jpg\" class=\"attachment-full size-full wp-image-4933\" alt=\"\" srcset=\"https:\/\/ottevenyikastely.hu\/wp-content\/uploads\/2023\/06\/510px-Daniela_Hantuchova_14273958309_cropped_cropped1.jpg 510w, https:\/\/ottevenyikastely.hu\/wp-content\/uploads\/2023\/06\/510px-Daniela_Hantuchova_14273958309_cropped_cropped1-300x248.jpg 300w\" sizes=\"(max-width: 510px) 100vw, 510px\" title=\"\">\t\t\t\t\t\t\t\t\t\t\t\t\t\t\t<\/div>\n\t\t\t\t<\/div>\n\t\t\t\t<div class=\"elementor-element elementor-element-a9d5329 elementor-widget elementor-widget-text-editor\" data-id=\"a9d5329\" data-element_type=\"widget\" data-e-type=\"widget\" data-widget_type=\"text-editor.default\">\n\t\t\t\t<div class=\"elementor-widget-container\">\n\t\t\t\t\t\t\t\t\t<p>The castle later became the property of the world famous Slovak tennis player Daniela Hantuchov\u00e1. Hantuchov\u00e1 took great care in preserving and improving the castle, and sought to ensure that the building was a fitting representation of its historical significance. Through her personal commitment and care for the castle, Hantuchov\u00e1 did much to ensure that the building would not suffer further damage and would retain its attractiveness, and it was during this period that the castle became a 4-star hotel. Unfortunately, they were swept away by the Covid epidemic. The castle was practically bankrupt, sleeping beauty went dormant, and nature completely took over the building and the remaining park.<\/p>\t\t\t\t\t\t\t\t<\/div>\n\t\t\t\t<\/div>\n\t\t\t\t<\/div>\n\t\t<div class=\"elementor-element elementor-element-10af0d1 e-con-full elementor-hidden-tablet elementor-hidden-mobile e-flex e-con e-child\" data-id=\"10af0d1\" data-element_type=\"container\" data-e-type=\"container\">\n\t\t\t\t<div class=\"elementor-element elementor-element-a5f35e8 elementor-hidden-tablet elementor-hidden-mobile elementor-widget elementor-widget-image\" data-id=\"a5f35e8\" data-element_type=\"widget\" data-e-type=\"widget\" data-widget_type=\"image.default\">\n\t\t\t\t<div class=\"elementor-widget-container\">\n\t\t\t\t\t\t\t\t\t\t\t\t\t\t\t<img loading=\"lazy\" decoding=\"async\" width=\"510\" height=\"422\" src=\"https:\/\/ottevenyikastely.hu\/wp-content\/uploads\/2023\/06\/510px-Daniela_Hantuchova_14273958309_cropped_cropped1.jpg\" class=\"attachment-full size-full wp-image-4933\" alt=\"\" srcset=\"https:\/\/ottevenyikastely.hu\/wp-content\/uploads\/2023\/06\/510px-Daniela_Hantuchova_14273958309_cropped_cropped1.jpg 510w, https:\/\/ottevenyikastely.hu\/wp-content\/uploads\/2023\/06\/510px-Daniela_Hantuchova_14273958309_cropped_cropped1-300x248.jpg 300w\" sizes=\"(max-width: 510px) 100vw, 510px\" title=\"\">\t\t\t\t\t\t\t\t\t\t\t\t\t\t\t<\/div>\n\t\t\t\t<\/div>\n\t\t\t\t<\/div>\n\t\t\t\t<\/div>\n\t\t<div class=\"elementor-element elementor-element-a9f5537 e-con-full e-flex e-con e-parent\" data-id=\"a9f5537\" data-element_type=\"container\" data-e-type=\"container\" data-settings=\"{&quot;background_background&quot;:&quot;classic&quot;}\">\n\t\t<div class=\"elementor-element elementor-element-ef43c3e e-con-full elementor-hidden-tablet elementor-hidden-mobile e-flex e-con e-child\" data-id=\"ef43c3e\" data-element_type=\"container\" data-e-type=\"container\">\n\t\t\t\t<div class=\"elementor-element elementor-element-fff1a9f elementor-widget elementor-widget-image\" data-id=\"fff1a9f\" data-element_type=\"widget\" data-e-type=\"widget\" data-widget_type=\"image.default\">\n\t\t\t\t<div class=\"elementor-widget-container\">\n\t\t\t\t\t\t\t\t\t\t\t\t\t\t\t<img loading=\"lazy\" decoding=\"async\" width=\"1920\" height=\"2560\" src=\"https:\/\/ottevenyikastely.hu\/wp-content\/uploads\/2024\/11\/IMG_4039-scaled.jpeg\" class=\"attachment-full size-full wp-image-10311\" alt=\"\" srcset=\"https:\/\/ottevenyikastely.hu\/wp-content\/uploads\/2024\/11\/IMG_4039-scaled.jpeg 1920w, https:\/\/ottevenyikastely.hu\/wp-content\/uploads\/2024\/11\/IMG_4039-225x300.jpeg 225w, https:\/\/ottevenyikastely.hu\/wp-content\/uploads\/2024\/11\/IMG_4039-768x1024.jpeg 768w, https:\/\/ottevenyikastely.hu\/wp-content\/uploads\/2024\/11\/IMG_4039-1152x1536.jpeg 1152w, https:\/\/ottevenyikastely.hu\/wp-content\/uploads\/2024\/11\/IMG_4039-1536x2048.jpeg 1536w, https:\/\/ottevenyikastely.hu\/wp-content\/uploads\/2024\/11\/IMG_4039-9x12.jpeg 9w\" sizes=\"(max-width: 1920px) 100vw, 1920px\" title=\"\">\t\t\t\t\t\t\t\t\t\t\t\t\t\t\t<\/div>\n\t\t\t\t<\/div>\n\t\t\t\t<div class=\"elementor-element elementor-element-5a45df5 elementor-widget elementor-widget-image\" data-id=\"5a45df5\" data-element_type=\"widget\" data-e-type=\"widget\" data-widget_type=\"image.default\">\n\t\t\t\t<div class=\"elementor-widget-container\">\n\t\t\t\t\t\t\t\t\t\t\t\t\t\t\t<img loading=\"lazy\" decoding=\"async\" width=\"1920\" height=\"2560\" src=\"https:\/\/ottevenyikastely.hu\/wp-content\/uploads\/2024\/11\/IMG_8059-scaled.jpeg\" class=\"attachment-full size-full wp-image-10308\" alt=\"\" srcset=\"https:\/\/ottevenyikastely.hu\/wp-content\/uploads\/2024\/11\/IMG_8059-scaled.jpeg 1920w, https:\/\/ottevenyikastely.hu\/wp-content\/uploads\/2024\/11\/IMG_8059-225x300.jpeg 225w, https:\/\/ottevenyikastely.hu\/wp-content\/uploads\/2024\/11\/IMG_8059-768x1024.jpeg 768w, https:\/\/ottevenyikastely.hu\/wp-content\/uploads\/2024\/11\/IMG_8059-1152x1536.jpeg 1152w, https:\/\/ottevenyikastely.hu\/wp-content\/uploads\/2024\/11\/IMG_8059-1536x2048.jpeg 1536w, https:\/\/ottevenyikastely.hu\/wp-content\/uploads\/2024\/11\/IMG_8059-9x12.jpeg 9w\" sizes=\"(max-width: 1920px) 100vw, 1920px\" title=\"\">\t\t\t\t\t\t\t\t\t\t\t\t\t\t\t<\/div>\n\t\t\t\t<\/div>\n\t\t\t\t<div class=\"elementor-element elementor-element-4915b9f elementor-widget elementor-widget-image\" data-id=\"4915b9f\" data-element_type=\"widget\" data-e-type=\"widget\" data-widget_type=\"image.default\">\n\t\t\t\t<div class=\"elementor-widget-container\">\n\t\t\t\t\t\t\t\t\t\t\t\t\t\t\t<img loading=\"lazy\" decoding=\"async\" width=\"2560\" height=\"1920\" src=\"https:\/\/ottevenyikastely.hu\/wp-content\/uploads\/2024\/11\/IMG_3345-scaled.jpeg\" class=\"attachment-full size-full wp-image-10310\" alt=\"\" srcset=\"https:\/\/ottevenyikastely.hu\/wp-content\/uploads\/2024\/11\/IMG_3345-scaled.jpeg 2560w, https:\/\/ottevenyikastely.hu\/wp-content\/uploads\/2024\/11\/IMG_3345-300x225.jpeg 300w, https:\/\/ottevenyikastely.hu\/wp-content\/uploads\/2024\/11\/IMG_3345-1024x768.jpeg 1024w, https:\/\/ottevenyikastely.hu\/wp-content\/uploads\/2024\/11\/IMG_3345-768x576.jpeg 768w, https:\/\/ottevenyikastely.hu\/wp-content\/uploads\/2024\/11\/IMG_3345-1536x1152.jpeg 1536w, https:\/\/ottevenyikastely.hu\/wp-content\/uploads\/2024\/11\/IMG_3345-2048x1536.jpeg 2048w, https:\/\/ottevenyikastely.hu\/wp-content\/uploads\/2024\/11\/IMG_3345-16x12.jpeg 16w\" sizes=\"(max-width: 2560px) 100vw, 2560px\" title=\"\">\t\t\t\t\t\t\t\t\t\t\t\t\t\t\t<\/div>\n\t\t\t\t<\/div>\n\t\t\t\t<\/div>\n\t\t<div class=\"elementor-element elementor-element-94c4763 e-con-full e-flex e-con e-child\" data-id=\"94c4763\" data-element_type=\"container\" data-e-type=\"container\" data-settings=\"{&quot;background_background&quot;:&quot;classic&quot;}\">\n\t\t\t\t<div class=\"elementor-element elementor-element-eac74c7 elementor-hidden-desktop elementor-widget elementor-widget-image\" data-id=\"eac74c7\" data-element_type=\"widget\" data-e-type=\"widget\" data-widget_type=\"image.default\">\n\t\t\t\t<div class=\"elementor-widget-container\">\n\t\t\t\t\t\t\t\t\t\t\t\t\t\t\t<img loading=\"lazy\" decoding=\"async\" width=\"1920\" height=\"2560\" src=\"https:\/\/ottevenyikastely.hu\/wp-content\/uploads\/2024\/11\/IMG_4039-scaled.jpeg\" class=\"attachment-full size-full wp-image-10311\" alt=\"\" srcset=\"https:\/\/ottevenyikastely.hu\/wp-content\/uploads\/2024\/11\/IMG_4039-scaled.jpeg 1920w, https:\/\/ottevenyikastely.hu\/wp-content\/uploads\/2024\/11\/IMG_4039-225x300.jpeg 225w, https:\/\/ottevenyikastely.hu\/wp-content\/uploads\/2024\/11\/IMG_4039-768x1024.jpeg 768w, https:\/\/ottevenyikastely.hu\/wp-content\/uploads\/2024\/11\/IMG_4039-1152x1536.jpeg 1152w, https:\/\/ottevenyikastely.hu\/wp-content\/uploads\/2024\/11\/IMG_4039-1536x2048.jpeg 1536w, https:\/\/ottevenyikastely.hu\/wp-content\/uploads\/2024\/11\/IMG_4039-9x12.jpeg 9w\" sizes=\"(max-width: 1920px) 100vw, 1920px\" title=\"\">\t\t\t\t\t\t\t\t\t\t\t\t\t\t\t<\/div>\n\t\t\t\t<\/div>\n\t\t\t\t<div class=\"elementor-element elementor-element-f5de61a elementor-hidden-desktop elementor-widget elementor-widget-image\" data-id=\"f5de61a\" data-element_type=\"widget\" data-e-type=\"widget\" data-widget_type=\"image.default\">\n\t\t\t\t<div class=\"elementor-widget-container\">\n\t\t\t\t\t\t\t\t\t\t\t\t\t\t\t<img loading=\"lazy\" decoding=\"async\" width=\"1920\" height=\"2560\" src=\"https:\/\/ottevenyikastely.hu\/wp-content\/uploads\/2024\/11\/IMG_8059-scaled.jpeg\" class=\"attachment-full size-full wp-image-10308\" alt=\"\" srcset=\"https:\/\/ottevenyikastely.hu\/wp-content\/uploads\/2024\/11\/IMG_8059-scaled.jpeg 1920w, https:\/\/ottevenyikastely.hu\/wp-content\/uploads\/2024\/11\/IMG_8059-225x300.jpeg 225w, https:\/\/ottevenyikastely.hu\/wp-content\/uploads\/2024\/11\/IMG_8059-768x1024.jpeg 768w, https:\/\/ottevenyikastely.hu\/wp-content\/uploads\/2024\/11\/IMG_8059-1152x1536.jpeg 1152w, https:\/\/ottevenyikastely.hu\/wp-content\/uploads\/2024\/11\/IMG_8059-1536x2048.jpeg 1536w, https:\/\/ottevenyikastely.hu\/wp-content\/uploads\/2024\/11\/IMG_8059-9x12.jpeg 9w\" sizes=\"(max-width: 1920px) 100vw, 1920px\" title=\"\">\t\t\t\t\t\t\t\t\t\t\t\t\t\t\t<\/div>\n\t\t\t\t<\/div>\n\t\t\t\t<div class=\"elementor-element elementor-element-610639e elementor-hidden-desktop elementor-widget elementor-widget-image\" data-id=\"610639e\" data-element_type=\"widget\" data-e-type=\"widget\" data-widget_type=\"image.default\">\n\t\t\t\t<div class=\"elementor-widget-container\">\n\t\t\t\t\t\t\t\t\t\t\t\t\t\t\t<img loading=\"lazy\" decoding=\"async\" width=\"2560\" height=\"1920\" src=\"https:\/\/ottevenyikastely.hu\/wp-content\/uploads\/2024\/11\/IMG_3345-scaled.jpeg\" class=\"attachment-full size-full wp-image-10310\" alt=\"\" srcset=\"https:\/\/ottevenyikastely.hu\/wp-content\/uploads\/2024\/11\/IMG_3345-scaled.jpeg 2560w, https:\/\/ottevenyikastely.hu\/wp-content\/uploads\/2024\/11\/IMG_3345-300x225.jpeg 300w, https:\/\/ottevenyikastely.hu\/wp-content\/uploads\/2024\/11\/IMG_3345-1024x768.jpeg 1024w, https:\/\/ottevenyikastely.hu\/wp-content\/uploads\/2024\/11\/IMG_3345-768x576.jpeg 768w, https:\/\/ottevenyikastely.hu\/wp-content\/uploads\/2024\/11\/IMG_3345-1536x1152.jpeg 1536w, https:\/\/ottevenyikastely.hu\/wp-content\/uploads\/2024\/11\/IMG_3345-2048x1536.jpeg 2048w, https:\/\/ottevenyikastely.hu\/wp-content\/uploads\/2024\/11\/IMG_3345-16x12.jpeg 16w\" sizes=\"(max-width: 2560px) 100vw, 2560px\" title=\"\">\t\t\t\t\t\t\t\t\t\t\t\t\t\t\t<\/div>\n\t\t\t\t<\/div>\n\t\t\t\t<div class=\"elementor-element elementor-element-f0e1ead elementor-widget elementor-widget-text-editor\" data-id=\"f0e1ead\" data-element_type=\"widget\" data-e-type=\"widget\" data-widget_type=\"text-editor.default\">\n\t\t\t\t<div class=\"elementor-widget-container\">\n\t\t\t\t\t\t\t\t\t<p>In May 2023, the Matusz family from Gy\u0151r bought the castle and took another major step to restore the building to its former glory. The Matusz family has carried out a complete energy and interior renovation of the building to make it modern and sustainable. All of the mansion's finishes were replaced, with Versace tiles throughout and Roberto Cavalli wallpaper. Crystal chandeliers were brought from Murano in Italy and the castle was redecorated with period furniture bought at auction. The castle was opened to the public in April 2024, and is now once again a cultural and tourist centre. Thanks to the renovation, the castle now represents the heritage of the F\u00f6ldv\u00e1ry and Cs\u00e1ky families in a worthy way, attracting thousands of visitors interested in Hungarian history and noble culture.<\/p><p>Since then, the castle has hosted countless cultural and tourist events and has grown to become the wedding centre of the region. Countless newlyweds come to the castle gardens and the walls of the Old Town building to get married in all four seasons. The Castle has been extended to include a large rose garden and an Aquvaponia plant, preserving the tradition of its predecessors in village innovation.<\/p><p>The history of \u00d6ttev\u00e9ny village and F\u00f6ldv\u00e1ry castle has been intertwined over the centuries, making it one of the most important elements of the local historical heritage for the villagers. The local people are proud of their past and continue to preserve the historic spirit of the place.<\/p>\t\t\t\t\t\t\t\t<\/div>\n\t\t\t\t<\/div>\n\t\t\t\t<\/div>\n\t\t\t\t<\/div>\n\t\t\t\t<\/div>","protected":false},"excerpt":{"rendered":"<p>THE HISTORY OF THE CASTLE The \u00d6ttev\u00e9nyi F\u00f6ldv\u00e1ry castle is one of the jewels of Western Transdanubia, which is unique not only for its architectural beauty but also for its history. Located only 15 km from Gy\u0151r, in the village of \u00d6ttev\u00e9ny, it bears witness to the events of many historical periods and the glorious and tragic history of F\u00f6ldv\u00e1ry and the Cs\u00e1ky family. The castle was originally a home built by Baron Mikl\u00f3s F\u00f6ldv\u00e1ry [...]<\/p>","protected":false},"author":3,"featured_media":0,"parent":0,"menu_order":0,"comment_status":"closed","ping_status":"closed","template":"elementor_header_footer","meta":{"footnotes":""},"class_list":["post-7055","page","type-page","status-publish","hentry","entry"],"_links":{"self":[{"href":"https:\/\/ottevenyikastely.hu\/en\/wp-json\/wp\/v2\/pages\/7055","targetHints":{"allow":["GET"]}}],"collection":[{"href":"https:\/\/ottevenyikastely.hu\/en\/wp-json\/wp\/v2\/pages"}],"about":[{"href":"https:\/\/ottevenyikastely.hu\/en\/wp-json\/wp\/v2\/types\/page"}],"author":[{"embeddable":true,"href":"https:\/\/ottevenyikastely.hu\/en\/wp-json\/wp\/v2\/users\/3"}],"replies":[{"embeddable":true,"href":"https:\/\/ottevenyikastely.hu\/en\/wp-json\/wp\/v2\/comments?post=7055"}],"version-history":[{"count":27,"href":"https:\/\/ottevenyikastely.hu\/en\/wp-json\/wp\/v2\/pages\/7055\/revisions"}],"predecessor-version":[{"id":10317,"href":"https:\/\/ottevenyikastely.hu\/en\/wp-json\/wp\/v2\/pages\/7055\/revisions\/10317"}],"wp:attachment":[{"href":"https:\/\/ottevenyikastely.hu\/en\/wp-json\/wp\/v2\/media?parent=7055"}],"curies":[{"name":"wp","href":"https:\/\/api.w.org\/{rel}","templated":true}]}}