{"id":10780,"date":"2024-11-19T08:55:33","date_gmt":"2024-11-19T07:55:33","guid":{"rendered":"https:\/\/ottevenyikastely.hu\/?page_id=10780"},"modified":"2024-11-19T08:58:56","modified_gmt":"2024-11-19T07:58:56","slug":"zakladne-normy-alomeskuvo","status":"publish","type":"page","link":"https:\/\/ottevenyikastely.hu\/sk\/zakladne-normy-alomeskuvo\/","title":{"rendered":"svadobn\u00e9 stanovy snov"},"content":{"rendered":"<div data-elementor-type=\"wp-page\" data-elementor-id=\"10780\" class=\"elementor elementor-10780\" data-elementor-post-type=\"page\">\n\t\t\t\t<div class=\"elementor-element elementor-element-d478a0a e-flex e-con-boxed e-con e-parent\" data-id=\"d478a0a\" data-element_type=\"container\" data-e-type=\"container\">\n\t\t\t\t\t<div class=\"e-con-inner\">\n\t\t\t\t<div class=\"elementor-element elementor-element-8a94974 elementor-widget elementor-widget-heading\" data-id=\"8a94974\" data-element_type=\"widget\" data-e-type=\"widget\" data-widget_type=\"heading.default\">\n\t\t\t\t<div class=\"elementor-widget-container\">\n\t\t\t\t\t<h2 class=\"elementor-heading-title elementor-size-default\">Stanovy skupiny organiz\u00e1torov svadieb snov<\/h2>\t\t\t\t<\/div>\n\t\t\t\t<\/div>\n\t\t\t\t\t<\/div>\n\t\t\t\t<\/div>\n\t\t<div class=\"elementor-element elementor-element-2d80463 e-flex e-con-boxed e-con e-parent\" data-id=\"2d80463\" data-element_type=\"container\" data-e-type=\"container\">\n\t\t\t\t\t<div class=\"e-con-inner\">\n\t\t\t\t<div class=\"elementor-element elementor-element-c1abeab elementor-widget elementor-widget-image\" data-id=\"c1abeab\" data-element_type=\"widget\" data-e-type=\"widget\" data-widget_type=\"image.default\">\n\t\t\t\t<div class=\"elementor-widget-container\">\n\t\t\t\t\t\t\t\t\t\t\t\t\t\t\t<img decoding=\"async\" src=\"https:\/\/ottevenyikastely.hu\/wp-content\/plugins\/elementor\/assets\/images\/placeholder.png\" title=\"\" alt=\"\" loading=\"lazy\">\t\t\t\t\t\t\t\t\t\t\t\t\t\t\t<\/div>\n\t\t\t\t<\/div>\n\t\t\t\t\t<\/div>\n\t\t\t\t<\/div>\n\t\t<div class=\"elementor-element elementor-element-2dbf81e e-flex e-con-boxed e-con e-parent\" data-id=\"2dbf81e\" data-element_type=\"container\" data-e-type=\"container\">\n\t\t\t\t\t<div class=\"e-con-inner\">\n\t\t\t\t<div class=\"elementor-element elementor-element-a5ae6eb elementor-widget elementor-widget-text-editor\" data-id=\"a5ae6eb\" data-element_type=\"widget\" data-e-type=\"widget\" data-widget_type=\"text-editor.default\">\n\t\t\t\t<div class=\"elementor-widget-container\">\n\t\t\t\t\t\t\t\t\t<p><strong>1. \u00da\u010del a poslanie<\/strong><br \/>Cie\u013eom skupiny \"Dream Wedding Planners Group\" je zdru\u017eova\u0165 spo\u013eahliv\u00fdch a spolupracuj\u00facich poskytovate\u013eov svadobn\u00fdch slu\u017eieb, ktor\u00ed s\u00fa v s\u00falade so \u0161t\u00fdlom hradu, s cie\u013eom \u00faspe\u0161ne pred\u00e1va\u0165 svadby a poskytova\u0165 vysokokvalitn\u00e9 podujatia.<\/p><p><strong>2. Krit\u00e9ri\u00e1 \u010dlenstva<\/strong><\/p><ul><li>V\u0161etci \u010dlenovia musia re\u0161pektova\u0165 \u0161t\u00fdl a normy kvality hradu.<\/li><li>\u010clenmi m\u00f4\u017eu by\u0165: ceremoni\u00e1ri, svadobn\u00ed pl\u00e1nova\u010di, dekorat\u00e9ri, klenotn\u00edci, kaligrafovia, prev\u00e1dzkovatelia fotostien, p\u00e1rty opatrovate\u013eky, ve\u0161tci, zvuk\u00e1ri a osvet\u013eova\u010di, javiskov\u00ed technici, po\u017ei\u010dovne rekviz\u00edt, n\u00e1vrh\u00e1ri svadobn\u00fdch a \u017een\u00edchov\u00fdch \u0161iat, diskd\u017eokejovia, kapely a \u010fal\u0161\u00ed poskytovatelia svadobn\u00fdch slu\u017eieb. D\u00f4le\u017eit\u00fdm pravidlom v\u0161ak je, \u017ee \u010dlenom zoskupenia m\u00f4\u017ee by\u0165 len jeden poskytovate\u013e slu\u017eieb z ka\u017edej oblasti.<\/li><\/ul><p><strong>3. Z\u00e1sady spolupr\u00e1ce<\/strong><\/p><ul><li><strong>Kr\u00ed\u017eov\u00fd predaj:<\/strong> \u010clenovia s\u00fa povinn\u00ed ako prv\u00ed sa navz\u00e1jom odpor\u00fa\u010da\u0165 svojim z\u00e1kazn\u00edkom a z\u00e1ujemcom a uv\u00e1dza\u0165 ostatn\u00fdch \u010dlenov skupiny na svojich komunika\u010dn\u00fdch kan\u00e1loch a webov\u00fdch str\u00e1nkach.<\/li><li><strong>Tvorba obsahu:<\/strong> 1-2 kr\u00e1t ro\u010dne \u010dlenovia spolo\u010dne organizuj\u00fa prezenta\u010dn\u00e9 svadobn\u00e9 podujatie v \u010dase spojenom so svadobnou v\u00fdstavou na hrade s cie\u013eom vytvori\u0165 profesion\u00e1lne fotografie a videoz\u00e1znamy. Vytvoren\u00fd obsah m\u00f4\u017ee ka\u017ed\u00fd \u010dlen zverejni\u0165 na svojom vlastnom komunika\u010dnom kan\u00e1li.<\/li><li><strong>Tvorba obsahu blogu:<\/strong> \u010clenovia s\u00fa povinn\u00ed aspo\u0148 raz za dva mesiace prispie\u0165 \u010dl\u00e1nkom zo svojej oblasti do blogu alomeskuvo.com, ktor\u00fd vyd\u00e1va organiz\u00e1tor podujat\u00ed na hrade. Hrad sa zav\u00e4zuje priebe\u017ene propagova\u0165 blog na svojich kan\u00e1loch soci\u00e1lnych m\u00e9di\u00ed.<\/li><li><strong>Vydanie spolo\u010dnej publik\u00e1cie:<\/strong> Na z\u00e1klade tvorby obsahu a materi\u00e1lov, ktor\u00e9 boli predt\u00fdm uverejnen\u00e9 na blogu, vyd\u00e1 organiz\u00e1torsk\u00fd hrad ka\u017ed\u00fd polrok spolo\u010dn\u00fa publik\u00e1ciu, ktor\u00fa m\u00f4\u017eu spolupracuj\u00faci partneri pokry\u0165 vlastnou ob\u00e1lkou a pod\u013ea vlastn\u00e9ho uv\u00e1\u017eenia vytla\u010di\u0165 a vo\u013ene distribuova\u0165.<\/li><\/ul><p><strong>4. Povinnosti \u010dlenov<\/strong><\/p><ul><li>\u010clenovia skupiny sa zav\u00e4zuj\u00fa akt\u00edvne spolupracova\u0165 a neust\u00e1le zlep\u0161ova\u0165 svoje slu\u017eby.<\/li><li>V z\u00e1ujme propag\u00e1cie skupiny a prezent\u00e1cie kvalitn\u00e9ho obsahu sa od \u010dlenov vy\u017eaduje, aby sa z\u00fa\u010dast\u0148ovali na spolo\u010dn\u00fdch podujatiach zameran\u00fdch na tvorbu obsahu a akt\u00edvne prispievali k rozvoju skupiny.<\/li><li>\u010clenovia s\u00fa povinn\u00ed sa pri predaji v prvom rade navz\u00e1jom odpor\u00fa\u010da\u0165.<\/li><\/ul><p><strong>5. Podmienky vyl\u00fa\u010denia<\/strong><br \/>\u010clen m\u00f4\u017ee by\u0165 zo skupiny vyl\u00fa\u010den\u00fd, ak:<\/p><ul><li>Nere\u0161pektuje uveden\u00e9 z\u00e1sady a povinnosti spolupr\u00e1ce.<\/li><li>Kvalita jeho slu\u017eieb nesp\u013a\u0148a \u0161tandardy stanoven\u00e9 hradom a skupinou.<\/li><li>Prekra\u010dovanie etick\u00fdch hran\u00edc profesie<\/li><\/ul><div><p><strong>6. Prij\u00edmanie nov\u00fdch \u010dlenov Podmienky<\/strong><br \/>Do skupiny m\u00f4\u017eu by\u0165 prijat\u00ed len \u010dlenovia, ktor\u00ed maj\u00fa podporu ve\u013ekej v\u00e4\u010d\u0161iny \u010dlenov skupiny. Organiz\u00e1tor skupiny m\u00e1 pr\u00e1vo veta vo\u010di vlastn\u00edkovi hradu F\u00f6ldv\u00e1ry.<\/p><\/div><p><strong>7. Udr\u017eiavanie kontaktu<\/strong><br \/>\u010clenovia skupiny s\u00fa v neust\u00e1lom kontakte s organiz\u00e1torom podujat\u00ed na hrade, ktor\u00fd koordinuje spolupr\u00e1cu a tvorbu obsahu podujat\u00ed, ako aj aktualiz\u00e1ciu a propag\u00e1ciu blogu alomeskuvo.com.<\/p>\t\t\t\t\t\t\t\t<\/div>\n\t\t\t\t<\/div>\n\t\t\t\t\t<\/div>\n\t\t\t\t<\/div>\n\t\t<div class=\"elementor-element elementor-element-94b33c9 e-flex e-con-boxed e-con e-parent\" data-id=\"94b33c9\" data-element_type=\"container\" data-e-type=\"container\">\n\t\t\t\t\t<div class=\"e-con-inner\">\n\t\t\t\t<div class=\"elementor-element elementor-element-0d3564a elementor-widget elementor-widget-heading\" data-id=\"0d3564a\" data-element_type=\"widget\" data-e-type=\"widget\" data-widget_type=\"heading.default\">\n\t\t\t\t<div class=\"elementor-widget-container\">\n\t\t\t\t\t<h2 class=\"elementor-heading-title elementor-size-default\">\u010clenstvo:<\/h2>\t\t\t\t<\/div>\n\t\t\t\t<\/div>\n\t\t\t\t<div class=\"elementor-element elementor-element-27c2735 elementor-widget elementor-widget-text-editor\" data-id=\"27c2735\" data-element_type=\"widget\" data-e-type=\"widget\" data-widget_type=\"text-editor.default\">\n\t\t\t\t<div class=\"elementor-widget-container\">\n\t\t\t\t\t\t\t\t\t<p>\u00d6ttev\u00e9nyi Oddelenie podujat\u00ed na hrade<\/p>\t\t\t\t\t\t\t\t<\/div>\n\t\t\t\t<\/div>\n\t\t\t\t\t<\/div>\n\t\t\t\t<\/div>\n\t\t<div class=\"elementor-element elementor-element-1476b22 e-flex e-con-boxed e-con e-parent\" data-id=\"1476b22\" data-element_type=\"container\" data-e-type=\"container\">\n\t\t\t\t\t<div class=\"e-con-inner\">\n\t\t\t\t\t<\/div>\n\t\t\t\t<\/div>\n\t\t\t\t<\/div>","protected":false},"excerpt":{"rendered":"<p>\u00c1lomesk\u00fcv\u0151 szervez\u0151k csoportj\u00e1nak alapszab\u00e1lyzata 1. C\u00e9lja \u00e9s K\u00fcldet\u00e9seAz \u201e\u00c1lomesk\u00fcv\u0151 Szervez\u0151k Csoportja\u201d c\u00e9lja, hogy megb\u00edzhat\u00f3, a kast\u00e9ly st\u00edlus\u00e1hoz illeszked\u0151, egy\u00fcttm\u0171k\u00f6d\u00e9sre k\u00e9sz esk\u00fcv\u0151i szolg\u00e1ltat\u00f3kat fogjon \u00f6ssze az esk\u00fcv\u0151k sikeres \u00e9rt\u00e9kes\u00edt\u00e9se \u00e9s a rendezv\u00e9nyek magas sz\u00ednvonal\u00fa lebonyol\u00edt\u00e1sa \u00e9rdek\u00e9ben. 2. Tags\u00e1gi Krit\u00e9riumok Minden tag k\u00f6teles a kast\u00e9ly st\u00edlus\u00e1t \u00e9s min\u0151s\u00e9gi elv\u00e1r\u00e1sait szem el\u0151tt tartani. A tagok k\u00f6z\u00e9 tartozhatnak: cerem\u00f3niamesterek, [&hellip;]<\/p>","protected":false},"author":7,"featured_media":0,"parent":0,"menu_order":0,"comment_status":"closed","ping_status":"closed","template":"","meta":{"footnotes":""},"class_list":["post-10780","page","type-page","status-publish","hentry","entry"],"_links":{"self":[{"href":"https:\/\/ottevenyikastely.hu\/sk\/wp-json\/wp\/v2\/pages\/10780","targetHints":{"allow":["GET"]}}],"collection":[{"href":"https:\/\/ottevenyikastely.hu\/sk\/wp-json\/wp\/v2\/pages"}],"about":[{"href":"https:\/\/ottevenyikastely.hu\/sk\/wp-json\/wp\/v2\/types\/page"}],"author":[{"embeddable":true,"href":"https:\/\/ottevenyikastely.hu\/sk\/wp-json\/wp\/v2\/users\/7"}],"replies":[{"embeddable":true,"href":"https:\/\/ottevenyikastely.hu\/sk\/wp-json\/wp\/v2\/comments?post=10780"}],"version-history":[{"count":4,"href":"https:\/\/ottevenyikastely.hu\/sk\/wp-json\/wp\/v2\/pages\/10780\/revisions"}],"predecessor-version":[{"id":10784,"href":"https:\/\/ottevenyikastely.hu\/sk\/wp-json\/wp\/v2\/pages\/10780\/revisions\/10784"}],"wp:attachment":[{"href":"https:\/\/ottevenyikastely.hu\/sk\/wp-json\/wp\/v2\/media?parent=10780"}],"curies":[{"name":"wp","href":"https:\/\/api.w.org\/{rel}","templated":true}]}}