{"id":4168,"date":"2023-06-12T17:02:48","date_gmt":"2023-06-12T15:02:48","guid":{"rendered":"https:\/\/ottevenyikastely.hu\/?page_id=4168"},"modified":"2023-11-20T13:55:43","modified_gmt":"2023-11-20T12:55:43","slug":"domov-sk-2","status":"publish","type":"page","link":"https:\/\/ottevenyikastely.hu\/sk\/domov-sk-2\/","title":{"rendered":"Home-DE"},"content":{"rendered":"<div  class=\"one withsmallpadding ppb_text_image withbg parallax\" style=\"background-image:url(https:\/\/ottevenyikastely.hu\/wp-content\/uploads\/2023\/08\/nyeremenyjatek-1.jpg);background-position: center top;text-align:left;padding:205px 0 205px 0;\" >\n<div class=\"standard_wrapper\">\n<div class=\"page_content_wrapper\">\n<div class=\"inner\">\n<div style=\"margin:auto;width:100%\">\n<h1 style=\"color: #fff; font-size: 55px;\">Chateau F\u00f6ldv\u00e1ry<\/h1>\n<h1 class=\"widgettitle\" style=\"color: #fff; border-color: #fff; margin-top: 20px; font-size: 35px;\">Sl\u00e1vnostn\u00e9 otvorenie 1. m\u00e1ja 2024.<\/h1>\n<\/div>\n<\/div>\n<\/div>\n<\/div>\n<\/div>\n<div  class=\"ppb_image_half_boxed_fixed_width one\" style=\"margin-top:40px;margin-bottom:40px;\" >\n<div class=\"standard_wrapper\">\n<div class=\"page_content_wrapper\">\n<div class=\"inner\">\n<div class=\"one_half content_middle\" style=\"background-image:url(https:\/\/ottevenyikastely.hu\/wp-content\/uploads\/2023\/06\/1486930_763125647105896_2599009561480863766_n-Enhanced.jpg);min-height:405px;\"><\/div>\n<div class=\"one_half last content_middle fixed\" style=\"padding:40px;text-align:center;min-height:405px; background-color:#ffffff;\">\n<div class=\"content_middle_wrapper\">\n<div class=\"content_middle_content\">\n<h2 class=\"ppb_title\" style=\"\">SVADBY<\/h2>\n<div class=\"ppb_header_content\">\n<blockquote>\n<p style=\"text-align: justify;\">N\u00e1\u0161 z\u00e1mok je ide\u00e1lny pre svadobn\u00e9 hostiny s okr\u00fahlymi stolmi a\u017e pre 160 host\u00ed. Pren\u00e1jmom hradu v\u00e1m m\u00f4\u017eeme pon\u00faknu\u0165 \u00fapln\u00fa exkluzivitu pre bezchybn\u00fa s\u00fakromn\u00fa udalos\u0165.<\/p>\n<p><strong><a title=\"Svadba\" href=\"https:\/\/ottevenyikastely.hu\/de\/hochzeit\/\">HRAD AKO MIESTO SVADBY<\/a><\/strong><\/p>\n<\/blockquote>\n<\/div>\n<\/div>\n<\/div>\n<\/div>\n<p><br class=\"clear\"\/><\/div>\n<\/div>\n<\/div>\n<\/div>\n<div  class=\"ppb_image_half_boxed_fixed_width one\" style=\"margin-top:40px;margin-bottom:40px;\" >\n<div class=\"standard_wrapper\">\n<div class=\"page_content_wrapper\">\n<div class=\"inner\">\n<div class=\"one_half content_middle fixed\" style=\"padding:40px; text-align:center;min-height:450px;background-color:#ffffff;\">\n<div class=\"content_middle_wrapper\">\n<div class=\"content_middle_content\">\n<h2 class=\"ppb_title\" style=\"\">NA\u0160E SLU\u017dBY<\/h2>\n<div class=\"ppb_header_content\">\n<ul>\n<li>\n<blockquote>\n<p>organizovanie a usporad\u00favanie svadieb, osl\u00e1v<\/p>\n<\/blockquote>\n<\/li>\n<li>\n<blockquote>\n<p>Poskytnutie miesta pre filmy, profesion\u00e1lne fotografie<\/p>\n<\/blockquote>\n<\/li>\n<li>\n<blockquote>\n<p>Bezplatn\u00e9 miesto na fotografovanie pre svadobn\u00e9 p\u00e1ry<\/p>\n<\/blockquote>\n<\/li>\n<li>\n<blockquote>\n<p>teambuilding, firemn\u00e9 podujatia<\/p>\n<\/blockquote>\n<\/li>\n<li>\n<blockquote>\n<p><strong><a title=\"Gastron\u00f3mia\" href=\"https:\/\/ottevenyikastely.hu\/de\/gastronomie\/\">Stravovacie slu\u017eby<\/a><\/strong><\/p>\n<\/blockquote>\n<\/li>\n<\/ul>\n<\/div>\n<\/div>\n<\/div>\n<\/div>\n<div class=\"one_half content_middle last\" style=\"background-image:url(https:\/\/ottevenyikastely.hu\/wp-content\/uploads\/2023\/06\/287356032_996920847685811_7607236231232610045_n.jpg);min-height:450px;\"><\/div>\n<p><br class=\"clear\"\/><\/div>\n<\/div>\n<\/div>\n<\/div>\n<div  class=\"one withsmallpadding ppb_text_image withbg parallax\" style=\"background-image:url(https:\/\/ottevenyikastely.hu\/wp-content\/uploads\/2023\/06\/IMG_0856-1.jpg);background-position: center top;text-align:center;padding:280px 0 280px 0;color:#ffffff !important;\" >\n<div class=\"overlay_background\" style=\"background:#000000;background:rgb(0,0,0,0.2);background:rgba(0,0,0,0.2);\"><\/div>\n<div class=\"standard_wrapper\">\n<div class=\"page_content_wrapper\">\n<div class=\"inner\">\n<div style=\"margin:auto;width:55%\">\n<h1 style=\"color: #fff; font-size: 55px;\">Chateau F\u00f6ldv\u00e1ry<\/h1>\n<h1 class=\"widgettitle\" style=\"color: #fff; border-color: #fff; margin-top: 20px; font-size: 35px;\">OTVORENIE 1. M\u00c1JA 2024.<\/h1>\n<h2 class=\"widgettitle\" style=\"color: #fff; border-color: #fff; margin-top: 20px;\"><\/h2>\n<\/div>\n<\/div>\n<\/div>\n<\/div>\n<\/div>\n<div  class=\"ppb_image_half_boxed_fixed_width one\" style=\"margin-top:40px;margin-bottom:40px;\" >\n<div class=\"standard_wrapper\">\n<div class=\"page_content_wrapper\">\n<div class=\"inner\">\n<div class=\"one_half content_middle fixed\" style=\"padding:40px; text-align:center;min-height:600px;background-color:#ffffff;\">\n<div class=\"content_middle_wrapper\">\n<div class=\"content_middle_content\">\n<h2 class=\"ppb_title\" style=\"\">PR\u00cdBEH<\/h2>\n<div class=\"ppb_header_content\">\n<blockquote>\n<p style=\"text-align: justify;\">Hrad F\u00f6ldv\u00e1r sa nach\u00e1dza v z\u00e1padnej \u010dasti Zadunajska, 15 km od Gy\u0151ru, v obci \u00d6ttev\u00e9ny. \u00d6ttev\u00e9ny pre\u0161la po\u010das svojej hist\u00f3rie mnoh\u00fdmi historick\u00fdmi zmenami, no dodnes si zachovala svoj historick\u00fd v\u00fdznam a bohat\u00e9 dedi\u010dstvo. Obec sa nach\u00e1dza na severnom okraji Ve\u013ekej uhorskej n\u00ed\u017einy v okrese Gy\u0151r a v priebehu storo\u010d\u00ed bola dejiskom r\u00f4znych historick\u00fdch udalost\u00ed.<\/p>\n<p><a title=\"Hist\u00f3ria hradu\" href=\"https:\/\/ottevenyikastely.hu\/de\/burggeschichte\/\">Zistite viac<\/a><\/p>\n<\/blockquote>\n<\/div>\n<\/div>\n<\/div>\n<\/div>\n<div class=\"one_half content_middle last\" style=\"background-image:url(https:\/\/ottevenyikastely.hu\/wp-content\/uploads\/2023\/06\/IMG_0867-2.jpg);min-height:600px;\"><\/div>\n<p><br class=\"clear\"\/><\/div>\n<\/div>\n<\/div>\n<\/div>\n<div  class=\"one withsmallpadding ppb_header parallax withbg\" style=\"background-image:url(https:\/\/ottevenyikastely.hu\/wp-content\/uploads\/2023\/06\/Kepernyofoto-2023-06-11-6.29.59-2.jpeg);background-position: center top;text-align:center;padding:285px 0 285px 0;color:#ffffff;\" >\n<div class=\"overlay_background\" style=\"background:#000000;background:rgb(0,0,0,0.2);background:rgba(0,0,0,0.2);\"><\/div>\n<div class=\"standard_wrapper\">\n<div class=\"page_content_wrapper\">\n<div class=\"inner\">\n<div style=\"margin:auto;width:100%\"><\/div>\n<\/div>\n<\/div>\n<\/div>\n<\/div>","protected":false},"excerpt":{"rendered":"<p>Chateau F\u00f6ldv\u00e1ry Sl\u00e1vnostn\u00e9 otvorenie 2024 M\u00e1jus 1. SVADBY N\u00e1\u0161 z\u00e1mok je ide\u00e1lny na svadobn\u00e9 hostiny s okr\u00fahlymi stolmi a\u017e pre 160 host\u00ed. Pren\u00e1jmom hradu m\u00f4\u017eeme pon\u00faknu\u0165 \u00fapln\u00fa exkluzivitu pre bezchybn\u00fa s\u00fakromn\u00fa udalos\u0165. Z\u00c1MOK AKO SVADOBN\u00c9 MIESTO NA\u0160E SLU\u017dBY Svadby, organizovanie a usporad\u00favanie obradov Priestory pre filmy, profesion\u00e1lne [...]<\/p>","protected":false},"author":3,"featured_media":0,"parent":0,"menu_order":0,"comment_status":"closed","ping_status":"closed","template":"","meta":{"footnotes":""},"class_list":["post-4168","page","type-page","status-publish","hentry","entry"],"_links":{"self":[{"href":"https:\/\/ottevenyikastely.hu\/sk\/wp-json\/wp\/v2\/pages\/4168","targetHints":{"allow":["GET"]}}],"collection":[{"href":"https:\/\/ottevenyikastely.hu\/sk\/wp-json\/wp\/v2\/pages"}],"about":[{"href":"https:\/\/ottevenyikastely.hu\/sk\/wp-json\/wp\/v2\/types\/page"}],"author":[{"embeddable":true,"href":"https:\/\/ottevenyikastely.hu\/sk\/wp-json\/wp\/v2\/users\/3"}],"replies":[{"embeddable":true,"href":"https:\/\/ottevenyikastely.hu\/sk\/wp-json\/wp\/v2\/comments?post=4168"}],"version-history":[{"count":0,"href":"https:\/\/ottevenyikastely.hu\/sk\/wp-json\/wp\/v2\/pages\/4168\/revisions"}],"wp:attachment":[{"href":"https:\/\/ottevenyikastely.hu\/sk\/wp-json\/wp\/v2\/media?parent=4168"}],"curies":[{"name":"wp","href":"https:\/\/api.w.org\/{rel}","templated":true}]}}