{"id":7578,"date":"2024-05-08T12:23:32","date_gmt":"2024-05-08T10:23:32","guid":{"rendered":"https:\/\/ottevenyikastely.hu\/?page_id=7578"},"modified":"2024-07-09T20:55:00","modified_gmt":"2024-07-09T18:55:00","slug":"udalosti","status":"publish","type":"page","link":"https:\/\/ottevenyikastely.hu\/sk\/udalosti\/","title":{"rendered":"Podujatia"},"content":{"rendered":"<div data-elementor-type=\"wp-page\" data-elementor-id=\"7578\" class=\"elementor elementor-7578\" data-elementor-post-type=\"page\">\n\t\t\t\t<div class=\"elementor-element elementor-element-fab271a e-con-full e-flex e-con e-parent\" data-id=\"fab271a\" data-element_type=\"container\" data-e-type=\"container\" data-settings=\"{&quot;background_background&quot;:&quot;classic&quot;}\">\n\t\t<div class=\"elementor-element elementor-element-f770a4f e-con-full e-flex e-con e-child\" data-id=\"f770a4f\" data-element_type=\"container\" data-e-type=\"container\">\n\t\t\t\t<div class=\"elementor-element elementor-element-b34c8d7 elementor-widget elementor-widget-heading\" data-id=\"b34c8d7\" data-element_type=\"widget\" data-e-type=\"widget\" data-widget_type=\"heading.default\">\n\t\t\t\t<div class=\"elementor-widget-container\">\n\t\t\t\t\t<h1 class=\"elementor-heading-title elementor-size-default\">Podujatia<\/h1>\t\t\t\t<\/div>\n\t\t\t\t<\/div>\n\t\t\t\t<\/div>\n\t\t\t\t<\/div>\n\t\t<div class=\"elementor-element elementor-element-e08fc73 e-flex e-con-boxed e-con e-parent\" data-id=\"e08fc73\" data-element_type=\"container\" data-e-type=\"container\" data-settings=\"{&quot;background_background&quot;:&quot;classic&quot;}\">\n\t\t\t\t\t<div class=\"e-con-inner\">\n\t\t<div class=\"elementor-element elementor-element-deb8d34 e-flex e-con-boxed e-con e-child\" data-id=\"deb8d34\" data-element_type=\"container\" data-e-type=\"container\">\n\t\t\t\t\t<div class=\"e-con-inner\">\n\t\t<div class=\"elementor-element elementor-element-3717f9b e-flex e-con-boxed e-con e-child\" data-id=\"3717f9b\" data-element_type=\"container\" data-e-type=\"container\">\n\t\t\t\t\t<div class=\"e-con-inner\">\n\t\t\t\t<div class=\"elementor-element elementor-element-554b9eb elementor-cta--valign-middle elementor-widget__width-initial elementor-cta--skin-classic elementor-animated-content elementor-bg-transform elementor-bg-transform-zoom-in elementor-widget elementor-widget-call-to-action\" data-id=\"554b9eb\" data-element_type=\"widget\" data-e-type=\"widget\" data-widget_type=\"call-to-action.default\">\n\t\t\t\t<div class=\"elementor-widget-container\">\n\t\t\t\t\t\t\t<div class=\"elementor-cta\">\n\t\t\t\t\t<div class=\"elementor-cta__bg-wrapper\">\n\t\t\t\t<div class=\"elementor-cta__bg elementor-bg\" style=\"background-image: url(https:\/\/ottevenyikastely.hu\/wp-content\/uploads\/2024\/05\/kastely.png);\" role=\"img\" aria-label=\"Kastr\u00e1cia\"><\/div>\n\t\t\t\t<div class=\"elementor-cta__bg-overlay\"><\/div>\n\t\t\t<\/div>\n\t\t\t\t\t\t\t<div class=\"elementor-cta__content\">\n\t\t\t\t\n\t\t\t\t\t\t\t\t\t<h2 class=\"elementor-cta__title elementor-cta__content-item elementor-content-item\">\n\t\t\t\t\t\tI. F\u00f6ldv\u00e1ry-hradn\u00fd de\u0148 <br> D\u00e1tum: 2024.08.19\t\t\t\t\t<\/h2>\n\t\t\t\t\n\t\t\t\t\t\t\t\t\t<div class=\"elementor-cta__description elementor-cta__content-item elementor-content-item\">\n\t\t\t\t\t\tTrh staro\u017eitnost\u00ed na n\u00e1dvor\u00ed hradu a medzin\u00e1rodn\u00e1 v\u00fdstava b\u00e1bik a ply\u0161ov\u00fdch medved\u00edkov v interi\u00e9ri hradu. Obdivujte a dokonca si k\u00fapte najvz\u00e1cnej\u0161ie pamiatky star\u00fdch \u010dias a najcennej\u0161ie zberate\u013esk\u00e9 poklady. Popri v\u00fdstave a jarmoku pre v\u00e1s priprav\u00edme aj zauj\u00edmav\u00e9 sprievodn\u00e9 aktivity, ktor\u00e9 mal\u00fdm aj ve\u013ek\u00fdm spr\u00edjemnia pr\u00e1zdniny. Dni F\u00f6ldv\u00e1ry s\u00fa u\u017e trad\u00edciou a neoddelite\u013enou s\u00fa\u010das\u0165ou D\u0148a obce.\t\t\t\t\t<\/div>\n\t\t\t\t\n\t\t\t\t\t\t\t\t\t<div class=\"elementor-cta__button-wrapper elementor-cta__content-item elementor-content-item\">\n\t\t\t\t\t<a class=\"elementor-cta__button elementor-button elementor-size-\" href=\"https:\/\/ottevenyikastely.hu\/sk\/foldvary-kastely-napok-2024\/\">\n\t\t\t\t\t\tSkontrolujem to\t\t\t\t\t<\/a>\n\t\t\t\t\t<\/div>\n\t\t\t\t\t\t\t<\/div>\n\t\t\t\t\t\t\t<div class=\"elementor-ribbon\">\n\t\t\t\t<div class=\"elementor-ribbon-inner\">\n\t\t\t\t\tAkt\u00edvne\t\t\t\t<\/div>\n\t\t\t<\/div>\n\t\t\t\t<\/div>\n\t\t\t\t\t\t<\/div>\n\t\t\t\t<\/div>\n\t\t\t\t<div class=\"elementor-element elementor-element-46d8b22 elementor-cta--valign-middle elementor-widget__width-initial elementor-cta--skin-classic elementor-animated-content elementor-bg-transform elementor-bg-transform-zoom-in elementor-widget elementor-widget-call-to-action\" data-id=\"46d8b22\" data-element_type=\"widget\" data-e-type=\"widget\" data-widget_type=\"call-to-action.default\">\n\t\t\t\t<div class=\"elementor-widget-container\">\n\t\t\t\t\t\t\t<div class=\"elementor-cta\">\n\t\t\t\t\t<div class=\"elementor-cta__bg-wrapper\">\n\t\t\t\t<div class=\"elementor-cta__bg elementor-bg\" style=\"background-image: url(https:\/\/ottevenyikastely.hu\/wp-content\/uploads\/2024\/06\/Chateau_foldvary_kastely_eskuvoi_divatbemutato_es_kiallitas.jpg);\" role=\"img\" aria-label=\"Barcelona,-,m\u00e1j,11:,Modelky,prech\u00e1dzky,s,Karol\u00ednou,Kurkovou,modelkou\"><\/div>\n\t\t\t\t<div class=\"elementor-cta__bg-overlay\"><\/div>\n\t\t\t<\/div>\n\t\t\t\t\t\t\t<div class=\"elementor-cta__content\">\n\t\t\t\t\n\t\t\t\t\t\t\t\t\t<h2 class=\"elementor-cta__title elementor-cta__content-item elementor-content-item\">\n\t\t\t\t\t\tSvadobn\u00e1 m\u00f3dna prehliadka a v\u00fdstava <br> D\u00e1tum: 28-29.09.2024.\t\t\t\t\t<\/h2>\n\t\t\t\t\n\t\t\t\t\t\t\t\t\t<div class=\"elementor-cta__description elementor-cta__content-item elementor-content-item\">\n\t\t\t\t\t\tN\u00e1vrh\u00e1ri z troch najprest\u00ed\u017enej\u0161\u00edch m\u00f3dnych miest regi\u00f3nu, Viedne, Budape\u0161ti a Bratislavy, spojili svoje sily, aby na oslnivom hrade F\u00f6ldv\u00e1r predstavili najnov\u0161ie trendy v svadobnej m\u00f3de. Podujatie, ktor\u00e9 sa uskuto\u010dn\u00ed 28. - 29. septembra 2024, priv\u00edta popri z\u00e1ujemcoch o svadbu aj niektor\u00e9 z najv\u00fdznamnej\u0161\u00edch osobnost\u00ed m\u00f3dneho sveta.\t\t\t\t\t<\/div>\n\t\t\t\t\n\t\t\t\t\t\t\t\t\t<div class=\"elementor-cta__button-wrapper elementor-cta__content-item elementor-content-item\">\n\t\t\t\t\t<a class=\"elementor-cta__button elementor-button elementor-size-\" href=\"https:\/\/ottevenyikastely.hu\/sk\/eskuvoi-divatbemutato-es-kiallitas\/\">\n\t\t\t\t\t\tSkontrolujem to\t\t\t\t\t<\/a>\n\t\t\t\t\t<\/div>\n\t\t\t\t\t\t\t<\/div>\n\t\t\t\t\t\t\t<div class=\"elementor-ribbon\">\n\t\t\t\t<div class=\"elementor-ribbon-inner\">\n\t\t\t\t\tU\u017e \u010doskoro\t\t\t\t<\/div>\n\t\t\t<\/div>\n\t\t\t\t<\/div>\n\t\t\t\t\t\t<\/div>\n\t\t\t\t<\/div>\n\t\t\t\t\t<\/div>\n\t\t\t\t<\/div>\n\t\t<div class=\"elementor-element elementor-element-bc59c57 e-flex e-con-boxed e-con e-child\" data-id=\"bc59c57\" data-element_type=\"container\" data-e-type=\"container\">\n\t\t\t\t\t<div class=\"e-con-inner\">\n\t\t\t\t<div class=\"elementor-element elementor-element-1dce12d elementor-cta--valign-middle elementor-widget__width-initial elementor-cta--skin-classic elementor-animated-content elementor-bg-transform elementor-bg-transform-zoom-in elementor-widget elementor-widget-call-to-action\" data-id=\"1dce12d\" data-element_type=\"widget\" data-e-type=\"widget\" data-widget_type=\"call-to-action.default\">\n\t\t\t\t<div class=\"elementor-widget-container\">\n\t\t\t\t\t\t\t<div class=\"elementor-cta\">\n\t\t\t\t\t<div class=\"elementor-cta__bg-wrapper\">\n\t\t\t\t<div class=\"elementor-cta__bg elementor-bg\" style=\"background-image: url(https:\/\/ottevenyikastely.hu\/wp-content\/uploads\/2024\/05\/Chateau_Foldvary_kastely.jpg);\" role=\"img\" aria-label=\"Chateau_Foldvary_kastely\"><\/div>\n\t\t\t\t<div class=\"elementor-cta__bg-overlay\"><\/div>\n\t\t\t<\/div>\n\t\t\t\t\t\t\t<div class=\"elementor-cta__content\">\n\t\t\t\t\n\t\t\t\t\t\t\t\t\t<h2 class=\"elementor-cta__title elementor-cta__content-item elementor-content-item\">\n\t\t\t\t\t\tFotografick\u00e1 s\u00fa\u0165a\u017e <br> D\u00e1tum: 2024.06.01-2025.06.01\t\t\t\t\t<\/h2>\n\t\t\t\t\n\t\t\t\t\t\t\t\t\t<div class=\"elementor-cta__description elementor-cta__content-item elementor-content-item\">\n\t\t\t\t\t\tHrad \u00f6ttev\u00e9ny s hrdos\u0165ou vyhlasuje fotografick\u00fa a video s\u00fa\u0165a\u017e \"\u0160tyri ro\u010dn\u00e9 obdobia na hrade \u00f6ttev\u00e9ny\". Cie\u013eom s\u00fa\u0165a\u017ee je prostredn\u00edctvom fotografick\u00e9ho a video materi\u00e1lu predstavi\u0165 meniacu sa a podmaniv\u00fa kr\u00e1su hradu a jeho z\u00e1hrad vo v\u0161etk\u00fdch ro\u010dn\u00fdch obdobiach. \t\t\t\t\t<\/div>\n\t\t\t\t\n\t\t\t\t\t\t\t\t\t<div class=\"elementor-cta__button-wrapper elementor-cta__content-item elementor-content-item\">\n\t\t\t\t\t<a class=\"elementor-cta__button elementor-button elementor-size-\" href=\"https:\/\/ottevenyikastely.hu\/sk\/fotopalyazate_2024\/\">\n\t\t\t\t\t\tSkontrolujem to\t\t\t\t\t<\/a>\n\t\t\t\t\t<\/div>\n\t\t\t\t\t\t\t<\/div>\n\t\t\t\t\t\t\t<div class=\"elementor-ribbon\">\n\t\t\t\t<div class=\"elementor-ribbon-inner\">\n\t\t\t\t\tUzavret\u00e9\t\t\t\t<\/div>\n\t\t\t<\/div>\n\t\t\t\t<\/div>\n\t\t\t\t\t\t<\/div>\n\t\t\t\t<\/div>\n\t\t\t\t\t<\/div>\n\t\t\t\t<\/div>\n\t\t\t\t\t<\/div>\n\t\t\t\t<\/div>\n\t\t\t\t\t<\/div>\n\t\t\t\t<\/div>\n\t\t\t\t<\/div>","protected":false},"excerpt":{"rendered":"<p>Podujatia I. F\u00f6ldv\u00e1ry-De\u0148 hradu Term\u00edn: 19.08.2024.08.2024 Jarmok staro\u017eitnost\u00ed na n\u00e1dvor\u00ed hradu a Medzin\u00e1rodn\u00e1 v\u00fdstava medved\u00edkov v interi\u00e9ri hradu. Obdivujte a aj nakupujte najvz\u00e1cnej\u0161ie pamiatky star\u00fdch \u010dias a najcennej\u0161ie zberate\u013esk\u00e9 poklady. Popri v\u00fdstave a jarmoku sa o zauj\u00edmav\u00e9 sprievodn\u00e9 programy postaraj\u00fa [...]<\/p>","protected":false},"author":3,"featured_media":0,"parent":0,"menu_order":0,"comment_status":"closed","ping_status":"closed","template":"elementor_header_footer","meta":{"footnotes":""},"class_list":["post-7578","page","type-page","status-publish","hentry","entry"],"_links":{"self":[{"href":"https:\/\/ottevenyikastely.hu\/sk\/wp-json\/wp\/v2\/pages\/7578","targetHints":{"allow":["GET"]}}],"collection":[{"href":"https:\/\/ottevenyikastely.hu\/sk\/wp-json\/wp\/v2\/pages"}],"about":[{"href":"https:\/\/ottevenyikastely.hu\/sk\/wp-json\/wp\/v2\/types\/page"}],"author":[{"embeddable":true,"href":"https:\/\/ottevenyikastely.hu\/sk\/wp-json\/wp\/v2\/users\/3"}],"replies":[{"embeddable":true,"href":"https:\/\/ottevenyikastely.hu\/sk\/wp-json\/wp\/v2\/comments?post=7578"}],"version-history":[{"count":0,"href":"https:\/\/ottevenyikastely.hu\/sk\/wp-json\/wp\/v2\/pages\/7578\/revisions"}],"wp:attachment":[{"href":"https:\/\/ottevenyikastely.hu\/sk\/wp-json\/wp\/v2\/media?parent=7578"}],"curies":[{"name":"wp","href":"https:\/\/api.w.org\/{rel}","templated":true}]}}